{"id":8214,"date":"2024-02-19T19:07:18","date_gmt":"2024-02-19T22:07:18","guid":{"rendered":"https:\/\/amazonialivredefake.intervozes.org.br\/?page_id=8214"},"modified":"2024-02-20T12:36:50","modified_gmt":"2024-02-20T15:36:50","slug":"podcast","status":"publish","type":"page","link":"https:\/\/amazonialivredefake.intervozes.org.br\/index.php\/podcast\/","title":{"rendered":"Podcast"},"content":{"rendered":"\t\t<div data-elementor-type=\"wp-page\" data-elementor-id=\"8214\" class=\"elementor elementor-8214\">\n\t\t\t\t\t\t<section class=\"elementor-section elementor-top-section elementor-element elementor-element-fe3c6d1 elementor-section-full_width qodef-elementor-content-grid elementor-section-height-default elementor-section-height-default qodef-elementor-background-lines-no\" data-id=\"fe3c6d1\" data-element_type=\"section\">\n\t\t\t\t\t\t<div class=\"elementor-container elementor-column-gap-no\">\n\t\t\t\t\t<div class=\"elementor-column elementor-col-50 elementor-top-column elementor-element elementor-element-b92ce56\" data-id=\"b92ce56\" data-element_type=\"column\">\n\t\t\t<div class=\"elementor-widget-wrap elementor-element-populated\">\n\t\t\t\t\t\t<div class=\"elementor-element elementor-element-332a440 elementor-widget elementor-widget-dogood_core_numbered_text\" data-id=\"332a440\" data-element_type=\"widget\" data-widget_type=\"dogood_core_numbered_text.default\">\n\t\t\t\t<div class=\"elementor-widget-container\">\n\t\t\t\t\t<div class=\"qodef-shortcode qodef-m  qodef-numbered-text qodef-layout--standard\">\n    \t<div class=\"qodef-m-number\" style=\"font-size: 90px\">01<\/div>\n    <div class=\"qodef-m-content\">\n\t    \t<h5 class=\"qodef-m-title\" >Epis\u00f3dio 1 \u2013 Desinforma\u00e7\u00e3o na concep\u00e7\u00e3o amaz\u00f4nica<\/h5>\n\t    \t<p class=\"qodef-m-text\" >O epis\u00f3dio dialoga sobre a compreens\u00e3o do conceito de desinforma\u00e7\u00e3o na Amaz\u00f4nia Legal. Al\u00e9m de apresentar os objetivos da pesquisa do Projeto Combate a Desinforma\u00e7\u00e3o e Discurso de \u00d3dio na Amaz\u00f4nia.<\/p>\n\t    \t<div class=\"qodef-m-button\">\n\t\t<a class=\"qodef-shortcode qodef-m  qodef-button qodef-layout--textual  qodef-html--link\" href=\"https:\/\/open.spotify.com\/episode\/0eieW7xJBs58qoJWFuts7S?si=gjCWB1p7S0epMiGRktciMA&#038;nd=1&#038;dlsi=220ee72f54374f22\" target=\"_blank\"  >\t<span class=\"qodef-m-text\">ouvir no spotify<\/span><\/a>\t<\/div>\n    <\/div>\n<\/div>\t\t\t\t<\/div>\n\t\t\t\t<\/div>\n\t\t\t\t<div class=\"elementor-element elementor-element-75003fa elementor-widget elementor-widget-text-editor\" data-id=\"75003fa\" data-element_type=\"widget\" data-widget_type=\"text-editor.default\">\n\t\t\t\t<div class=\"elementor-widget-container\">\n\t\t\t\t\t\t\t\t\t<iframe style=\"border-radius:12px\" src=\"https:\/\/open.spotify.com\/embed\/episode\/0eieW7xJBs58qoJWFuts7S?utm_source=generator\" width=\"100%\" height=\"152\" frameBorder=\"0\" allowfullscreen=\"\" allow=\"autoplay; clipboard-write; encrypted-media; fullscreen; picture-in-picture\" loading=\"lazy\"><\/iframe>\t\t\t\t\t\t\t\t<\/div>\n\t\t\t\t<\/div>\n\t\t\t\t\t<\/div>\n\t\t<\/div>\n\t\t\t\t<div class=\"elementor-column elementor-col-50 elementor-top-column elementor-element elementor-element-2db85e1\" data-id=\"2db85e1\" data-element_type=\"column\">\n\t\t\t<div class=\"elementor-widget-wrap elementor-element-populated\">\n\t\t\t\t\t\t<div class=\"elementor-element elementor-element-f9fb6e6 elementor-widget elementor-widget-dogood_core_numbered_text\" data-id=\"f9fb6e6\" data-element_type=\"widget\" data-widget_type=\"dogood_core_numbered_text.default\">\n\t\t\t\t<div class=\"elementor-widget-container\">\n\t\t\t\t\t<div class=\"qodef-shortcode qodef-m  qodef-numbered-text qodef-layout--standard\">\n    \t<div class=\"qodef-m-number\" style=\"font-size: 90px\">02<\/div>\n    <div class=\"qodef-m-content\">\n\t    \t<h5 class=\"qodef-m-title\" >Epis\u00f3dio 2 \u2013 Amaz\u00f4nia ficcional<\/h5>\n\t    \t<p class=\"qodef-m-text\" >O epis\u00f3dio debate os tipos de conte\u00fado e a constru\u00e7\u00e3o de teorias conspirat\u00f3rias sobre a Amaz\u00f4nia disseminadas por sites de not\u00edcias da regi\u00e3o. E a\u00e7\u00f5es que tem sido realizada em Manaus junto a escolas p\u00fablicas no enfrentamento a desinforma\u00e7\u00e3o.<\/p>\n\t    \t<div class=\"qodef-m-button\">\n\t\t<a class=\"qodef-shortcode qodef-m  qodef-button qodef-layout--textual  qodef-html--link\" href=\"https:\/\/open.spotify.com\/episode\/7pDpu7P9L9olJTlmNNq9sX?si=hzet_WT_RHGclRuYefdpjQ&#038;nd=1&#038;dlsi=234bfe5ebf2e491b\" target=\"_blank\"  >\t<span class=\"qodef-m-text\">ouvir no spotify<\/span><\/a>\t<\/div>\n    <\/div>\n<\/div>\t\t\t\t<\/div>\n\t\t\t\t<\/div>\n\t\t\t\t<div class=\"elementor-element elementor-element-f4f8c20 elementor-widget elementor-widget-text-editor\" data-id=\"f4f8c20\" data-element_type=\"widget\" data-widget_type=\"text-editor.default\">\n\t\t\t\t<div class=\"elementor-widget-container\">\n\t\t\t\t\t\t\t\t\t<iframe style=\"border-radius:12px\" src=\"https:\/\/open.spotify.com\/embed\/episode\/7pDpu7P9L9olJTlmNNq9sX?utm_source=generator\" width=\"100%\" height=\"152\" frameBorder=\"0\" allowfullscreen=\"\" allow=\"autoplay; clipboard-write; encrypted-media; fullscreen; picture-in-picture\" loading=\"lazy\"><\/iframe>\t\t\t\t\t\t\t\t<\/div>\n\t\t\t\t<\/div>\n\t\t\t\t\t<\/div>\n\t\t<\/div>\n\t\t\t\t\t<\/div>\n\t\t<\/section>\n\t\t\t\t<section class=\"elementor-section elementor-top-section elementor-element elementor-element-118b10d elementor-section-full_width qodef-elementor-content-grid elementor-section-height-default elementor-section-height-default qodef-elementor-background-lines-no\" data-id=\"118b10d\" data-element_type=\"section\">\n\t\t\t\t\t\t<div class=\"elementor-container elementor-column-gap-no\">\n\t\t\t\t\t<div class=\"elementor-column elementor-col-50 elementor-top-column elementor-element elementor-element-0dc5bc6\" data-id=\"0dc5bc6\" data-element_type=\"column\">\n\t\t\t<div class=\"elementor-widget-wrap elementor-element-populated\">\n\t\t\t\t\t\t<div class=\"elementor-element elementor-element-a4a4d2a elementor-widget elementor-widget-dogood_core_numbered_text\" data-id=\"a4a4d2a\" data-element_type=\"widget\" data-widget_type=\"dogood_core_numbered_text.default\">\n\t\t\t\t<div class=\"elementor-widget-container\">\n\t\t\t\t\t<div class=\"qodef-shortcode qodef-m  qodef-numbered-text qodef-layout--standard\">\n    \t<div class=\"qodef-m-number\" style=\"font-size: 90px\">03<\/div>\n    <div class=\"qodef-m-content\">\n\t    \t<h5 class=\"qodef-m-title\" >Epis\u00f3dio 3 \u2013 A internet das plataformas de dois gumes<\/h5>\n\t    \t<p class=\"qodef-m-text\" >O epis\u00f3dio fala sobre como as redes sociais colaboraram para a pluralidade de vozes na internet, mas tamb\u00e9m ampliaram os ataques e discursos de \u00f3dio aos povos tradicionais. A concentra\u00e7\u00e3o de poucas empresas controlando a Internet e a falta de transpar\u00eancia sobre a aplica\u00e7\u00e3o dos termos de uso das plataformas tem gerado uma rede de neg\u00f3cios lucrativa e violadora de direitos. <\/p>\n\t    \t<div class=\"qodef-m-button\">\n\t\t<a class=\"qodef-shortcode qodef-m  qodef-button qodef-layout--textual  qodef-html--link\" href=\"https:\/\/open.spotify.com\/episode\/55NiuoRiOYOZdGcQyYfIw5?si=KKaSlUfOQFu3z6eWO2x6Fg&#038;nd=1&#038;dlsi=b5e9d983e6014d25\" target=\"_blank\"  >\t<span class=\"qodef-m-text\">ouvir no spotify<\/span><\/a>\t<\/div>\n    <\/div>\n<\/div>\t\t\t\t<\/div>\n\t\t\t\t<\/div>\n\t\t\t\t<div class=\"elementor-element elementor-element-561e724 elementor-widget elementor-widget-text-editor\" data-id=\"561e724\" data-element_type=\"widget\" data-widget_type=\"text-editor.default\">\n\t\t\t\t<div class=\"elementor-widget-container\">\n\t\t\t\t\t\t\t\t\t<iframe style=\"border-radius:12px\" src=\"https:\/\/open.spotify.com\/embed\/episode\/55NiuoRiOYOZdGcQyYfIw5?utm_source=generator\" width=\"100%\" height=\"152\" frameBorder=\"0\" allowfullscreen=\"\" allow=\"autoplay; clipboard-write; encrypted-media; fullscreen; picture-in-picture\" loading=\"lazy\"><\/iframe>\t\t\t\t\t\t\t\t<\/div>\n\t\t\t\t<\/div>\n\t\t\t\t\t<\/div>\n\t\t<\/div>\n\t\t\t\t<div class=\"elementor-column elementor-col-50 elementor-top-column elementor-element elementor-element-e678275\" data-id=\"e678275\" data-element_type=\"column\">\n\t\t\t<div class=\"elementor-widget-wrap elementor-element-populated\">\n\t\t\t\t\t\t<div class=\"elementor-element elementor-element-9ffb1c9 elementor-widget elementor-widget-dogood_core_numbered_text\" data-id=\"9ffb1c9\" data-element_type=\"widget\" data-widget_type=\"dogood_core_numbered_text.default\">\n\t\t\t\t<div class=\"elementor-widget-container\">\n\t\t\t\t\t<div class=\"qodef-shortcode qodef-m  qodef-numbered-text qodef-layout--standard\">\n    \t<div class=\"qodef-m-number\" style=\"font-size: 90px\">04<\/div>\n    <div class=\"qodef-m-content\">\n\t    \t<h5 class=\"qodef-m-title\" >Epis\u00f3dio 4 \u2013 M\u00eddia como palanque nas redes sociais <\/h5>\n\t    \t<p class=\"qodef-m-text\" >O epis\u00f3dio debate sobre figuras p\u00fablicas de representa\u00e7\u00e3o pol\u00edtica da Amaz\u00f4nia que utilizam seus perfis para proliferar not\u00edcia falsa e discrimina\u00e7\u00e3o contra grupos sociais em situa\u00e7\u00e3o de vulnerabilidade. Al\u00e9m do financiamento desses perfis e quais as articula\u00e7\u00f5es pol\u00edticas e econ\u00f4micas que determinam as atua\u00e7\u00f5es desses pol\u00edticos na esfera legislativa.<\/p>\n\t    \t<div class=\"qodef-m-button\">\n\t\t<a class=\"qodef-shortcode qodef-m  qodef-button qodef-layout--textual  qodef-html--link\" href=\"https:\/\/open.spotify.com\/episode\/77iXrViJ09oku0i65BcK3H?si=yJswhoIgTFO4scTgYRZXrg&#038;nd=1&#038;dlsi=e0e2df99146549a8\" target=\"_blank\"  >\t<span class=\"qodef-m-text\">ouvir no spotify<\/span><\/a>\t<\/div>\n    <\/div>\n<\/div>\t\t\t\t<\/div>\n\t\t\t\t<\/div>\n\t\t\t\t<div class=\"elementor-element elementor-element-14536b8 elementor-widget elementor-widget-text-editor\" data-id=\"14536b8\" data-element_type=\"widget\" data-widget_type=\"text-editor.default\">\n\t\t\t\t<div class=\"elementor-widget-container\">\n\t\t\t\t\t\t\t\t\t<iframe style=\"border-radius:12px\" src=\"https:\/\/open.spotify.com\/embed\/episode\/77iXrViJ09oku0i65BcK3H?utm_source=generator\" width=\"100%\" height=\"152\" frameBorder=\"0\" allowfullscreen=\"\" allow=\"autoplay; clipboard-write; encrypted-media; fullscreen; picture-in-picture\" loading=\"lazy\"><\/iframe>\t\t\t\t\t\t\t\t<\/div>\n\t\t\t\t<\/div>\n\t\t\t\t\t<\/div>\n\t\t<\/div>\n\t\t\t\t\t<\/div>\n\t\t<\/section>\n\t\t\t\t<section class=\"elementor-section elementor-top-section elementor-element elementor-element-f7933b0 elementor-section-full_width qodef-elementor-content-grid elementor-section-height-default elementor-section-height-default qodef-elementor-background-lines-no\" data-id=\"f7933b0\" data-element_type=\"section\">\n\t\t\t\t\t\t<div class=\"elementor-container elementor-column-gap-no\">\n\t\t\t\t\t<div class=\"elementor-column elementor-col-50 elementor-top-column elementor-element elementor-element-fbdcb5b\" data-id=\"fbdcb5b\" data-element_type=\"column\">\n\t\t\t<div class=\"elementor-widget-wrap elementor-element-populated\">\n\t\t\t\t\t\t<div class=\"elementor-element elementor-element-7c39bcc elementor-widget elementor-widget-dogood_core_numbered_text\" data-id=\"7c39bcc\" data-element_type=\"widget\" data-widget_type=\"dogood_core_numbered_text.default\">\n\t\t\t\t<div class=\"elementor-widget-container\">\n\t\t\t\t\t<div class=\"qodef-shortcode qodef-m  qodef-numbered-text qodef-layout--standard\">\n    \t<div class=\"qodef-m-number\" style=\"font-size: 90px\">05<\/div>\n    <div class=\"qodef-m-content\">\n\t    \t<h5 class=\"qodef-m-title\" >Epis\u00f3dio 5 \u2013 Terra f\u00e9rtil sem regula\u00e7\u00e3o <\/h5>\n\t    \t<p class=\"qodef-m-text\" >Demarcar territ\u00f3rio ind\u00edgena \u00e9 t\u00e3o importante como discutir sobre a regula\u00e7\u00e3o da m\u00eddia fora e na internet. O epis\u00f3dio busca refletir sobre a credibilidade questionada sobre o jornalismo.<\/p>\n\t    \t<div class=\"qodef-m-button\">\n\t\t<a class=\"qodef-shortcode qodef-m  qodef-button qodef-layout--textual  qodef-html--link\" href=\"https:\/\/open.spotify.com\/episode\/7Droa6uNiCEwxk5o78ZYUi?si=NRP3ZPtcRUW3z-vkSiXVQQ&#038;nd=1&#038;dlsi=a31b41426f9546ce\" target=\"_blank\"  >\t<span class=\"qodef-m-text\">ouvir no spotify<\/span><\/a>\t<\/div>\n    <\/div>\n<\/div>\t\t\t\t<\/div>\n\t\t\t\t<\/div>\n\t\t\t\t<div class=\"elementor-element elementor-element-8d41ba4 elementor-widget elementor-widget-text-editor\" data-id=\"8d41ba4\" data-element_type=\"widget\" data-widget_type=\"text-editor.default\">\n\t\t\t\t<div class=\"elementor-widget-container\">\n\t\t\t\t\t\t\t\t\t<iframe style=\"border-radius:12px\" src=\"https:\/\/open.spotify.com\/embed\/episode\/7Droa6uNiCEwxk5o78ZYUi?utm_source=generator\" width=\"100%\" height=\"152\" frameBorder=\"0\" allowfullscreen=\"\" allow=\"autoplay; clipboard-write; encrypted-media; fullscreen; picture-in-picture\" loading=\"lazy\"><\/iframe>\t\t\t\t\t\t\t\t<\/div>\n\t\t\t\t<\/div>\n\t\t\t\t\t<\/div>\n\t\t<\/div>\n\t\t\t\t<div class=\"elementor-column elementor-col-50 elementor-top-column elementor-element elementor-element-a6d2f51\" data-id=\"a6d2f51\" data-element_type=\"column\">\n\t\t\t<div class=\"elementor-widget-wrap elementor-element-populated\">\n\t\t\t\t\t\t<div class=\"elementor-element elementor-element-859d3e0 elementor-widget elementor-widget-dogood_core_numbered_text\" data-id=\"859d3e0\" data-element_type=\"widget\" data-widget_type=\"dogood_core_numbered_text.default\">\n\t\t\t\t<div class=\"elementor-widget-container\">\n\t\t\t\t\t<div class=\"qodef-shortcode qodef-m  qodef-numbered-text qodef-layout--standard\">\n    \t<div class=\"qodef-m-number\" style=\"font-size: 90px\">06<\/div>\n    <div class=\"qodef-m-content\">\n\t    \t<h5 class=\"qodef-m-title\" >Epis\u00f3dio 6 \u2013 N\u00e3o seja a tiazona do aplicativo de mensagem<\/h5>\n\t    \t<p class=\"qodef-m-text\" >O epis\u00f3dio apresenta a educa\u00e7\u00e3o midi\u00e1tica como uma alternativa ao enfrentamento a desinforma\u00e7\u00e3o. Como fazer checagem de mensagens duvidosas e como aplicativos de mensagens sugam n\u00e3o s\u00f3 o tempo, mas principalmente a possibilidade da pluralidade de opini\u00e3o.<\/p>\n\t    \t<div class=\"qodef-m-button\">\n\t\t<a class=\"qodef-shortcode qodef-m  qodef-button qodef-layout--textual  qodef-html--link\" href=\"https:\/\/open.spotify.com\/episode\/5iQylkwnY5YthwJQI6DBsw?si=ThTqADUXR3WWZFd5MatZJw&#038;nd=1&#038;dlsi=5b058185ef8b448e\" target=\"_blank\"  >\t<span class=\"qodef-m-text\">ouvir no spotify<\/span><\/a>\t<\/div>\n    <\/div>\n<\/div>\t\t\t\t<\/div>\n\t\t\t\t<\/div>\n\t\t\t\t<div class=\"elementor-element elementor-element-0a4f2c8 elementor-widget elementor-widget-text-editor\" data-id=\"0a4f2c8\" data-element_type=\"widget\" data-widget_type=\"text-editor.default\">\n\t\t\t\t<div class=\"elementor-widget-container\">\n\t\t\t\t\t\t\t\t\t<iframe style=\"border-radius:12px\" src=\"https:\/\/open.spotify.com\/embed\/episode\/5iQylkwnY5YthwJQI6DBsw?utm_source=generator\" width=\"100%\" height=\"152\" frameBorder=\"0\" allowfullscreen=\"\" allow=\"autoplay; clipboard-write; encrypted-media; fullscreen; picture-in-picture\" loading=\"lazy\"><\/iframe>\t\t\t\t\t\t\t\t<\/div>\n\t\t\t\t<\/div>\n\t\t\t\t\t<\/div>\n\t\t<\/div>\n\t\t\t\t\t<\/div>\n\t\t<\/section>\n\t\t\t\t<\/div>\n\t\t","protected":false},"excerpt":{"rendered":"<p>01 Epis\u00f3dio 1 \u2013 Desinforma\u00e7\u00e3o na concep\u00e7\u00e3o amaz\u00f4nica O epis\u00f3dio dialoga sobre a compreens\u00e3o do conceito de desinforma\u00e7\u00e3o na Amaz\u00f4nia Legal. Al\u00e9m de apresentar os objetivos da pesquisa do Projeto Combate a Desinforma\u00e7\u00e3o e Discurso de \u00d3dio na Amaz\u00f4nia. ouvir no spotify 02 Epis\u00f3dio 2 \u2013 Amaz\u00f4nia ficcional O epis\u00f3dio debate os tipos de conte\u00fado [&hellip;]<\/p>\n","protected":false},"author":1,"featured_media":0,"parent":0,"menu_order":0,"comment_status":"closed","ping_status":"closed","template":"","meta":{"om_disable_all_campaigns":false,"_monsterinsights_skip_tracking":false,"_monsterinsights_sitenote_active":false,"_monsterinsights_sitenote_note":"","_monsterinsights_sitenote_category":0,"footnotes":""},"aioseo_notices":[],"_links":{"self":[{"href":"https:\/\/amazonialivredefake.intervozes.org.br\/index.php\/wp-json\/wp\/v2\/pages\/8214"}],"collection":[{"href":"https:\/\/amazonialivredefake.intervozes.org.br\/index.php\/wp-json\/wp\/v2\/pages"}],"about":[{"href":"https:\/\/amazonialivredefake.intervozes.org.br\/index.php\/wp-json\/wp\/v2\/types\/page"}],"author":[{"embeddable":true,"href":"https:\/\/amazonialivredefake.intervozes.org.br\/index.php\/wp-json\/wp\/v2\/users\/1"}],"replies":[{"embeddable":true,"href":"https:\/\/amazonialivredefake.intervozes.org.br\/index.php\/wp-json\/wp\/v2\/comments?post=8214"}],"version-history":[{"count":25,"href":"https:\/\/amazonialivredefake.intervozes.org.br\/index.php\/wp-json\/wp\/v2\/pages\/8214\/revisions"}],"predecessor-version":[{"id":8244,"href":"https:\/\/amazonialivredefake.intervozes.org.br\/index.php\/wp-json\/wp\/v2\/pages\/8214\/revisions\/8244"}],"wp:attachment":[{"href":"https:\/\/amazonialivredefake.intervozes.org.br\/index.php\/wp-json\/wp\/v2\/media?parent=8214"}],"curies":[{"name":"wp","href":"https:\/\/api.w.org\/{rel}","templated":true}]}}