{"id":7991,"date":"2023-04-22T11:15:35","date_gmt":"2023-04-22T14:15:35","guid":{"rendered":"https:\/\/amazonialivredefake.intervozes.org.br\/?page_id=7991"},"modified":"2024-02-19T19:05:30","modified_gmt":"2024-02-19T22:05:30","slug":"clipping","status":"publish","type":"page","link":"https:\/\/amazonialivredefake.intervozes.org.br\/index.php\/clipping\/","title":{"rendered":"CLIPPING"},"content":{"rendered":"\t\t<div data-elementor-type=\"wp-page\" data-elementor-id=\"7991\" class=\"elementor elementor-7991\">\n\t\t\t\t\t\t<section class=\"elementor-section elementor-top-section elementor-element elementor-element-706df23 elementor-section-full_width elementor-section-height-min-height elementor-section-items-bottom elementor-section-content-bottom elementor-section-height-default qodef-elementor-content-no qodef-elementor-background-lines-no\" data-id=\"706df23\" data-element_type=\"section\" data-settings=\"{&quot;background_background&quot;:&quot;classic&quot;}\">\n\t\t\t\t\t\t\t<div class=\"elementor-background-overlay\"><\/div>\n\t\t\t\t\t\t\t<div class=\"elementor-container elementor-column-gap-default\">\n\t\t\t\t\t<div class=\"elementor-column elementor-col-100 elementor-top-column elementor-element elementor-element-b9ea20c\" data-id=\"b9ea20c\" data-element_type=\"column\">\n\t\t\t<div class=\"elementor-widget-wrap elementor-element-populated\">\n\t\t\t\t\t\t<div class=\"elementor-element elementor-element-110e4d3 elementor-widget elementor-widget-heading\" data-id=\"110e4d3\" data-element_type=\"widget\" data-widget_type=\"heading.default\">\n\t\t\t\t<div class=\"elementor-widget-container\">\n\t\t\t\t\t<h2 class=\"elementor-heading-title elementor-size-default\">clipping<\/h2>\t\t\t\t<\/div>\n\t\t\t\t<\/div>\n\t\t\t\t\t<\/div>\n\t\t<\/div>\n\t\t\t\t\t<\/div>\n\t\t<\/section>\n\t\t\t\t<section class=\"elementor-section elementor-top-section elementor-element elementor-element-aaf4588 elementor-section-boxed elementor-section-height-default elementor-section-height-default qodef-elementor-content-no qodef-elementor-background-lines-no\" data-id=\"aaf4588\" data-element_type=\"section\">\n\t\t\t\t\t\t<div class=\"elementor-container elementor-column-gap-default\">\n\t\t\t\t\t<div class=\"elementor-column elementor-col-25 elementor-top-column elementor-element elementor-element-b795aa8\" data-id=\"b795aa8\" data-element_type=\"column\" data-settings=\"{&quot;background_background&quot;:&quot;classic&quot;}\">\n\t\t\t<div class=\"elementor-widget-wrap elementor-element-populated\">\n\t\t\t\t\t\t<div class=\"elementor-element elementor-element-2c2c9da elementor-widget elementor-widget-text-editor\" data-id=\"2c2c9da\" data-element_type=\"widget\" data-widget_type=\"text-editor.default\">\n\t\t\t\t<div class=\"elementor-widget-container\">\n\t\t\t\t\t\t\t\t\t<span style=\"color: #000000;\"><strong><a style=\"color: #000000;\" href=\"https:\/\/rsf.org\/sites\/default\/files\/medias\/file\/2023\/09\/Amaz%C3%B4nia%20-%20Jornalismo%20em%20chamas_v.final_.pdf\" target=\"_blank\" rel=\"noopener\">Cita\u00e7\u00e3o da pesquisa do Projeto no Relat\u00f3rio \u201cAmaz\u00f4nia: jornalismo em Chamas\u201d da Rep\u00f3rteres sem Fronteiras (RSF)<\/a><\/strong><\/span>\n\n<span style=\"color: #000000;\"><strong><a style=\"color: #000000;\" href=\"https:\/\/rsf.org\/sites\/default\/files\/medias\/file\/2023\/09\/Amaz%C3%B4nia%20-%20Jornalismo%20em%20chamas_v.final_.pdf\" target=\"_blank\" rel=\"noopener\">09\/2023<\/a><\/strong><\/span>\t\t\t\t\t\t\t\t<\/div>\n\t\t\t\t<\/div>\n\t\t\t\t\t<\/div>\n\t\t<\/div>\n\t\t\t\t<div class=\"elementor-column elementor-col-25 elementor-top-column elementor-element elementor-element-7a62616\" data-id=\"7a62616\" data-element_type=\"column\" data-settings=\"{&quot;background_background&quot;:&quot;classic&quot;}\">\n\t\t\t<div class=\"elementor-widget-wrap elementor-element-populated\">\n\t\t\t\t\t\t<div class=\"elementor-element elementor-element-42cd518 elementor-widget elementor-widget-text-editor\" data-id=\"42cd518\" data-element_type=\"widget\" data-widget_type=\"text-editor.default\">\n\t\t\t\t<div class=\"elementor-widget-container\">\n\t\t\t\t\t\t\t\t\t<span style=\"color: #000000;\"><strong><a style=\"color: #000000;\" href=\"https:\/\/www.youtube.com\/watch?v=IXyJ3L3hNhc\" target=\"_blank\" rel=\"noopener\">Entrevista Desafios na Amaz\u00f4nia: os impactos da desinforma\u00e7\u00e3o e dos desertos de not\u00edcia<\/a><\/strong><\/span>\n\n<span style=\"color: #000000;\"><strong><a style=\"color: #000000;\" href=\"https:\/\/www.youtube.com\/watch?v=IXyJ3L3hNhc\" target=\"_blank\" rel=\"noopener\">18\/09\/2023<\/a><\/strong><\/span>\t\t\t\t\t\t\t\t<\/div>\n\t\t\t\t<\/div>\n\t\t\t\t\t<\/div>\n\t\t<\/div>\n\t\t\t\t<div class=\"elementor-column elementor-col-25 elementor-top-column elementor-element elementor-element-27716a7\" data-id=\"27716a7\" data-element_type=\"column\" data-settings=\"{&quot;background_background&quot;:&quot;classic&quot;}\">\n\t\t\t<div class=\"elementor-widget-wrap elementor-element-populated\">\n\t\t\t\t\t\t<div class=\"elementor-element elementor-element-0276f9d elementor-widget elementor-widget-text-editor\" data-id=\"0276f9d\" data-element_type=\"widget\" data-widget_type=\"text-editor.default\">\n\t\t\t\t<div class=\"elementor-widget-container\">\n\t\t\t\t\t\t\t\t\t<span style=\"color: #000000;\"><strong><a style=\"color: #000000;\" href=\"https:\/\/www.midiajur.com.br\/politica\/relatorio-mostra-quem-sao-os-propagadores-de-noticias-falsas-em-mato-grosso\/52283\" target=\"_blank\" rel=\"noopener\">Mat\u00e9ria Relat\u00f3rio mostra quem s\u00e3o os propagadores de not\u00edcias falsas em Mato Grosso<\/a><\/strong><\/span>\n\n<span style=\"color: #000000;\"><strong><a style=\"color: #000000;\" href=\"https:\/\/www.midiajur.com.br\/politica\/relatorio-mostra-quem-sao-os-propagadores-de-noticias-falsas-em-mato-grosso\/52283\" target=\"_blank\" rel=\"noopener\">20\/08\/2023<\/a><\/strong><\/span>\t\t\t\t\t\t\t\t<\/div>\n\t\t\t\t<\/div>\n\t\t\t\t\t<\/div>\n\t\t<\/div>\n\t\t\t\t<div class=\"elementor-column elementor-col-25 elementor-top-column elementor-element elementor-element-6df185f\" data-id=\"6df185f\" data-element_type=\"column\" data-settings=\"{&quot;background_background&quot;:&quot;classic&quot;}\">\n\t\t\t<div class=\"elementor-widget-wrap elementor-element-populated\">\n\t\t\t\t\t\t<div class=\"elementor-element elementor-element-ea2394c elementor-widget elementor-widget-text-editor\" data-id=\"ea2394c\" data-element_type=\"widget\" data-widget_type=\"text-editor.default\">\n\t\t\t\t<div class=\"elementor-widget-container\">\n\t\t\t\t\t\t\t\t\t<span style=\"color: #000000;\"><strong><a style=\"color: #000000;\" href=\"https:\/\/www.midiajur.com.br\/politica\/relatorio-mostra-quem-sao-os-propagadores-de-noticias-falsas-em-mato-grosso\/52283\" target=\"_blank\" rel=\"noopener\">Mat\u00e9ria Programa de P\u00f3s-gradua\u00e7\u00e3o em Comunica\u00e7\u00e3o da UFMT lan\u00e7a relat\u00f3rio sobre desinforma\u00e7\u00e3o na Amaz\u00f4nia<\/a><\/strong><\/span>\n\n<span style=\"color: #000000;\"><strong><a style=\"color: #000000;\" href=\"https:\/\/www.midiajur.com.br\/politica\/relatorio-mostra-quem-sao-os-propagadores-de-noticias-falsas-em-mato-grosso\/52283\" target=\"_blank\" rel=\"noopener\">17\/08\/2023<\/a><\/strong><\/span>\t\t\t\t\t\t\t\t<\/div>\n\t\t\t\t<\/div>\n\t\t\t\t\t<\/div>\n\t\t<\/div>\n\t\t\t\t\t<\/div>\n\t\t<\/section>\n\t\t\t\t<section class=\"elementor-section elementor-top-section elementor-element elementor-element-a71cef5 elementor-section-boxed elementor-section-height-default elementor-section-height-default qodef-elementor-content-no qodef-elementor-background-lines-no\" data-id=\"a71cef5\" data-element_type=\"section\">\n\t\t\t\t\t\t<div class=\"elementor-container elementor-column-gap-default\">\n\t\t\t\t\t<div class=\"elementor-column elementor-col-25 elementor-top-column elementor-element elementor-element-1523e12\" data-id=\"1523e12\" data-element_type=\"column\" data-settings=\"{&quot;background_background&quot;:&quot;classic&quot;}\">\n\t\t\t<div class=\"elementor-widget-wrap elementor-element-populated\">\n\t\t\t\t\t\t<div class=\"elementor-element elementor-element-170b391 elementor-widget elementor-widget-text-editor\" data-id=\"170b391\" data-element_type=\"widget\" data-widget_type=\"text-editor.default\">\n\t\t\t\t<div class=\"elementor-widget-container\">\n\t\t\t\t\t\t\t\t\t<span style=\"color: #000000;\"><strong><a style=\"color: #000000;\" href=\"https:\/\/ppgcomufmt.com.br\/2023\/08\/15\/ppgcom-ufmt-lanca-relatorio-sobre-desinformacao-na-amazonia-com-dados-sobre-mato-grosso\/\" target=\"_blank\" rel=\"noopener\">Mat\u00e9ria divulga\u00e7\u00e3o lan\u00e7amento relat\u00f3rio do Projeto de Combate \u00e0 Desinforma\u00e7\u00e3o no Mato Grosso<\/a><\/strong><\/span>\n\n<span style=\"color: #000000;\"><strong><a style=\"color: #000000;\" href=\"https:\/\/ppgcomufmt.com.br\/2023\/08\/15\/ppgcom-ufmt-lanca-relatorio-sobre-desinformacao-na-amazonia-com-dados-sobre-mato-grosso\/\" target=\"_blank\" rel=\"noopener\">15\/08\/2023<\/a><\/strong><\/span>\t\t\t\t\t\t\t\t<\/div>\n\t\t\t\t<\/div>\n\t\t\t\t\t<\/div>\n\t\t<\/div>\n\t\t\t\t<div class=\"elementor-column elementor-col-25 elementor-top-column elementor-element elementor-element-8d71739\" data-id=\"8d71739\" data-element_type=\"column\" data-settings=\"{&quot;background_background&quot;:&quot;classic&quot;}\">\n\t\t\t<div class=\"elementor-widget-wrap elementor-element-populated\">\n\t\t\t\t\t\t<div class=\"elementor-element elementor-element-0a963fd elementor-widget elementor-widget-text-editor\" data-id=\"0a963fd\" data-element_type=\"widget\" data-widget_type=\"text-editor.default\">\n\t\t\t\t<div class=\"elementor-widget-container\">\n\t\t\t\t\t\t\t\t\t<span style=\"color: #000000;\"><strong><a style=\"color: #000000;\" href=\"https:\/\/revistacenarium.com.br\/educacao-midiatica-sera-tema-de-evento-contra-desinformacao-no-amazonas\/\" target=\"_blank\" rel=\"noopener\">Mat\u00e9ria divulga\u00e7\u00e3o lan\u00e7amento relat\u00f3rio do Projeto de Combate \u00e0 Desinforma\u00e7\u00e3o no Amazonas<\/a><\/strong><\/span>\n\n<span style=\"color: #000000;\"><strong><a style=\"color: #000000;\" href=\"https:\/\/revistacenarium.com.br\/educacao-midiatica-sera-tema-de-evento-contra-desinformacao-no-amazonas\/\" target=\"_blank\" rel=\"noopener\">15\/05\/2023<\/a><\/strong><\/span>\t\t\t\t\t\t\t\t<\/div>\n\t\t\t\t<\/div>\n\t\t\t\t\t<\/div>\n\t\t<\/div>\n\t\t\t\t<div class=\"elementor-column elementor-col-25 elementor-top-column elementor-element elementor-element-573d5d7\" data-id=\"573d5d7\" data-element_type=\"column\" data-settings=\"{&quot;background_background&quot;:&quot;classic&quot;}\">\n\t\t\t<div class=\"elementor-widget-wrap elementor-element-populated\">\n\t\t\t\t\t\t<div class=\"elementor-element elementor-element-3adb06e elementor-widget elementor-widget-text-editor\" data-id=\"3adb06e\" data-element_type=\"widget\" data-widget_type=\"text-editor.default\">\n\t\t\t\t<div class=\"elementor-widget-container\">\n\t\t\t\t\t\t\t\t\t<span style=\"color: #000000;\"><strong><a style=\"color: #000000;\" href=\"https:\/\/plenamata.eco\/2023\/04\/27\/degradacao-e-desinformacao-tambem-ameacam-a-amazonia\/\" target=\"_blank\" rel=\"noopener\">Artigo Degrada\u00e7\u00e3o e Desinforma\u00e7\u00e3o tamb\u00e9m amea\u00e7am a Amaz\u00f4nia<\/a><\/strong><\/span>\n\n<span style=\"color: #000000;\"><strong><a style=\"color: #000000;\" href=\"https:\/\/plenamata.eco\/2023\/04\/27\/degradacao-e-desinformacao-tambem-ameacam-a-amazonia\/\" target=\"_blank\" rel=\"noopener\">27\/04\/2023<\/a><\/strong><\/span>\t\t\t\t\t\t\t\t<\/div>\n\t\t\t\t<\/div>\n\t\t\t\t\t<\/div>\n\t\t<\/div>\n\t\t\t\t<div class=\"elementor-column elementor-col-25 elementor-top-column elementor-element elementor-element-9e3d8c4\" data-id=\"9e3d8c4\" data-element_type=\"column\" data-settings=\"{&quot;background_background&quot;:&quot;classic&quot;}\">\n\t\t\t<div class=\"elementor-widget-wrap elementor-element-populated\">\n\t\t\t\t\t\t<div class=\"elementor-element elementor-element-ebf5a9f elementor-widget elementor-widget-text-editor\" data-id=\"ebf5a9f\" data-element_type=\"widget\" data-widget_type=\"text-editor.default\">\n\t\t\t\t<div class=\"elementor-widget-container\">\n\t\t\t\t\t\t\t\t\t<span style=\"color: #000000;\"><strong><a style=\"color: #000000;\" href=\"https:\/\/diplomatique.org.br\/desinformacao-desertos-de-noticias-e-os-impactos-na-amazonia\/\" target=\"_blank\" rel=\"noopener\">Mat\u00e9ria Desinforma\u00e7\u00e3o, desertos de not\u00edcias e os impactos na Amaz\u00f4nia<\/a><\/strong><\/span>\n\n<span style=\"color: #000000;\"><strong><a style=\"color: #000000;\" href=\"https:\/\/diplomatique.org.br\/desinformacao-desertos-de-noticias-e-os-impactos-na-amazonia\/\" target=\"_blank\" rel=\"noopener\">18\/04\/2023<\/a><\/strong><\/span>\t\t\t\t\t\t\t\t<\/div>\n\t\t\t\t<\/div>\n\t\t\t\t\t<\/div>\n\t\t<\/div>\n\t\t\t\t\t<\/div>\n\t\t<\/section>\n\t\t\t\t<section class=\"elementor-section elementor-top-section elementor-element elementor-element-2e1b9e8 elementor-section-boxed elementor-section-height-default elementor-section-height-default qodef-elementor-content-no qodef-elementor-background-lines-no\" data-id=\"2e1b9e8\" data-element_type=\"section\">\n\t\t\t\t\t\t<div class=\"elementor-container elementor-column-gap-default\">\n\t\t\t\t\t<div class=\"elementor-column elementor-col-25 elementor-top-column elementor-element elementor-element-88cabd6\" data-id=\"88cabd6\" data-element_type=\"column\" data-settings=\"{&quot;background_background&quot;:&quot;classic&quot;}\">\n\t\t\t<div class=\"elementor-widget-wrap elementor-element-populated\">\n\t\t\t\t\t\t<div class=\"elementor-element elementor-element-30e17ac elementor-widget elementor-widget-text-editor\" data-id=\"30e17ac\" data-element_type=\"widget\" data-widget_type=\"text-editor.default\">\n\t\t\t\t<div class=\"elementor-widget-container\">\n\t\t\t\t\t\t\t\t\t<p><span style=\"color: #000000;\"><strong><a style=\"color: #000000;\" href=\"https:\/\/www.canalsaude.fiocruz.br\/canal\/videoAberto\/desinformacao-sdc-0595\" target=\"_blank\" rel=\"noopener\">[Canal Sa\u00fade] &#8211; Desinforma\u00e7\u00e3o<\/a><\/strong><\/span><\/p><p><span style=\"color: #000000;\"><strong><a style=\"color: #000000;\" href=\"https:\/\/www.canalsaude.fiocruz.br\/canal\/videoAberto\/desinformacao-sdc-0595\" target=\"_blank\" rel=\"noopener\">09\/06\/2022<\/a><\/strong><\/span><\/p>\t\t\t\t\t\t\t\t<\/div>\n\t\t\t\t<\/div>\n\t\t\t\t\t<\/div>\n\t\t<\/div>\n\t\t\t\t<div class=\"elementor-column elementor-col-25 elementor-top-column elementor-element elementor-element-d53e3d7\" data-id=\"d53e3d7\" data-element_type=\"column\" data-settings=\"{&quot;background_background&quot;:&quot;classic&quot;}\">\n\t\t\t<div class=\"elementor-widget-wrap elementor-element-populated\">\n\t\t\t\t\t\t<div class=\"elementor-element elementor-element-493a273 elementor-widget elementor-widget-text-editor\" data-id=\"493a273\" data-element_type=\"widget\" data-widget_type=\"text-editor.default\">\n\t\t\t\t<div class=\"elementor-widget-container\">\n\t\t\t\t\t\t\t\t\t<p><span style=\"color: #000000;\"><strong><a style=\"color: #000000;\" href=\"https:\/\/noticias.uol.com.br\/colunas\/leonardo-sakamoto\/2022\/06\/11\/google-decidiu-nao-abrir-a-caixa-preta-dos-anuncios-eleitorais-no-brasil.htm\" target=\"_blank\" rel=\"noopener\">[Uol\/Blog do Sakamoto] &#8211; Google mant\u00e9m fechada a &#8216;caixa-preta&#8217; dos an\u00fancios eleitorais no Brasil<\/a><\/strong><\/span><\/p><p><span style=\"color: #000000;\"><strong><a style=\"color: #000000;\" href=\"https:\/\/noticias.uol.com.br\/colunas\/leonardo-sakamoto\/2022\/06\/11\/google-decidiu-nao-abrir-a-caixa-preta-dos-anuncios-eleitorais-no-brasil.htm\" target=\"_blank\" rel=\"noopener\">11\/06\/2022<\/a><\/strong><\/span><\/p>\t\t\t\t\t\t\t\t<\/div>\n\t\t\t\t<\/div>\n\t\t\t\t\t<\/div>\n\t\t<\/div>\n\t\t\t\t<div class=\"elementor-column elementor-col-25 elementor-top-column elementor-element elementor-element-461d841\" data-id=\"461d841\" data-element_type=\"column\" data-settings=\"{&quot;background_background&quot;:&quot;classic&quot;}\">\n\t\t\t<div class=\"elementor-widget-wrap elementor-element-populated\">\n\t\t\t\t\t\t<div class=\"elementor-element elementor-element-72c711e elementor-widget elementor-widget-text-editor\" data-id=\"72c711e\" data-element_type=\"widget\" data-widget_type=\"text-editor.default\">\n\t\t\t\t<div class=\"elementor-widget-container\">\n\t\t\t\t\t\t\t\t\t<p><span style=\"color: #000000;\"><strong><a style=\"color: #000000;\" href=\"http:\/\/tangara.unemat.br\/unemat-realiza-2a-semana-de-jornalismo\/\" target=\"_blank\" rel=\"noopener\">[Unemat] &#8211; Unemat realiza 2\u00aa Semana de Jornalismo<\/a><\/strong><\/span><\/p><p><span style=\"color: #000000;\"><strong><a style=\"color: #000000;\" href=\"http:\/\/tangara.unemat.br\/unemat-realiza-2a-semana-de-jornalismo\/\" target=\"_blank\" rel=\"noopener\">16\/06\/2022<\/a><\/strong><\/span><\/p>\t\t\t\t\t\t\t\t<\/div>\n\t\t\t\t<\/div>\n\t\t\t\t\t<\/div>\n\t\t<\/div>\n\t\t\t\t<div class=\"elementor-column elementor-col-25 elementor-top-column elementor-element elementor-element-379b47a\" data-id=\"379b47a\" data-element_type=\"column\" data-settings=\"{&quot;background_background&quot;:&quot;classic&quot;}\">\n\t\t\t<div class=\"elementor-widget-wrap elementor-element-populated\">\n\t\t\t\t\t\t<div class=\"elementor-element elementor-element-b0b1632 elementor-widget elementor-widget-text-editor\" data-id=\"b0b1632\" data-element_type=\"widget\" data-widget_type=\"text-editor.default\">\n\t\t\t\t<div class=\"elementor-widget-container\">\n\t\t\t\t\t\t\t\t\t<p><span style=\"color: #000000;\"><strong><a style=\"color: #000000;\" href=\"https:\/\/patrialatina.com.br\/google-ja-decidiu-o-seu-lado-nas-eleicoes\/\" target=\"_blank\" rel=\"noopener\"> [Patria Latina] &#8211; Google j\u00e1 decidiu o seu lado nas elei\u00e7\u00f5es<\/a><\/strong><\/span><\/p><p><span style=\"color: #000000;\"><strong><a style=\"color: #000000;\" href=\"https:\/\/patrialatina.com.br\/google-ja-decidiu-o-seu-lado-nas-eleicoes\/\" target=\"_blank\" rel=\"noopener\">17\/06\/2022<\/a><\/strong><\/span><\/p>\t\t\t\t\t\t\t\t<\/div>\n\t\t\t\t<\/div>\n\t\t\t\t\t<\/div>\n\t\t<\/div>\n\t\t\t\t\t<\/div>\n\t\t<\/section>\n\t\t\t\t<section class=\"elementor-section elementor-top-section elementor-element elementor-element-70487ba elementor-section-boxed elementor-section-height-default elementor-section-height-default qodef-elementor-content-no qodef-elementor-background-lines-no\" data-id=\"70487ba\" data-element_type=\"section\">\n\t\t\t\t\t\t<div class=\"elementor-container elementor-column-gap-default\">\n\t\t\t\t\t<div class=\"elementor-column elementor-col-25 elementor-top-column elementor-element elementor-element-a7baf88\" data-id=\"a7baf88\" data-element_type=\"column\" data-settings=\"{&quot;background_background&quot;:&quot;classic&quot;}\">\n\t\t\t<div class=\"elementor-widget-wrap elementor-element-populated\">\n\t\t\t\t\t\t<div class=\"elementor-element elementor-element-63a0776 elementor-widget elementor-widget-text-editor\" data-id=\"63a0776\" data-element_type=\"widget\" data-widget_type=\"text-editor.default\">\n\t\t\t\t<div class=\"elementor-widget-container\">\n\t\t\t\t\t\t\t\t\t<p><span style=\"color: #000000;\"><strong><a style=\"color: #000000;\" href=\"https:\/\/noticiastudoaqui.com\/artigo\/2022Ju29qN4762bca46b&quot;\" target=\"_blank\" rel=\"noopener\">[Tudo Aqui] &#8211; Google \u00e9 negligente com transpar\u00eancia pol\u00edtica no Brasil<\/a><\/strong><\/span><\/p><p><span style=\"color: #000000;\"><strong><a style=\"color: #000000;\" href=\"https:\/\/noticiastudoaqui.com\/artigo\/2022Ju29qN4762bca46b&quot;\" target=\"_blank\" rel=\"noopener\">25\/06\/2022<\/a><\/strong><\/span><\/p>\t\t\t\t\t\t\t\t<\/div>\n\t\t\t\t<\/div>\n\t\t\t\t\t<\/div>\n\t\t<\/div>\n\t\t\t\t<div class=\"elementor-column elementor-col-25 elementor-top-column elementor-element elementor-element-70836f6\" data-id=\"70836f6\" data-element_type=\"column\" data-settings=\"{&quot;background_background&quot;:&quot;classic&quot;}\">\n\t\t\t<div class=\"elementor-widget-wrap elementor-element-populated\">\n\t\t\t\t\t\t<div class=\"elementor-element elementor-element-25af026 elementor-widget elementor-widget-text-editor\" data-id=\"25af026\" data-element_type=\"widget\" data-widget_type=\"text-editor.default\">\n\t\t\t\t<div class=\"elementor-widget-container\">\n\t\t\t\t\t\t\t\t\t<p><span style=\"color: #000000;\"><strong><a style=\"color: #000000;\" href=\"https:\/\/www.bpmoney.com.br\/noticias\/mercado\/google-gogl34-e-blackrock-uma-de-suas-principais-acionistas-sao-cobrados-em-movimento-no-twitter\" target=\"_blank\" rel=\"noopener\">[BP Money] &#8211; BlackRock, acionista do Google (GOGL34), \u00e9 cobrada por transpar\u00eancia em publicidades<\/a><\/strong><\/span><\/p><p><span style=\"color: #000000;\"><strong><a style=\"color: #000000;\" href=\"https:\/\/www.bpmoney.com.br\/noticias\/mercado\/google-gogl34-e-blackrock-uma-de-suas-principais-acionistas-sao-cobrados-em-movimento-no-twitter\" target=\"_blank\" rel=\"noopener\">27\/06\/2022<\/a><\/strong><\/span><\/p>\t\t\t\t\t\t\t\t<\/div>\n\t\t\t\t<\/div>\n\t\t\t\t\t<\/div>\n\t\t<\/div>\n\t\t\t\t<div class=\"elementor-column elementor-col-25 elementor-top-column elementor-element elementor-element-6cd8107\" data-id=\"6cd8107\" data-element_type=\"column\" data-settings=\"{&quot;background_background&quot;:&quot;classic&quot;}\">\n\t\t\t<div class=\"elementor-widget-wrap elementor-element-populated\">\n\t\t\t\t\t\t<div class=\"elementor-element elementor-element-de0bdf2 elementor-widget elementor-widget-text-editor\" data-id=\"de0bdf2\" data-element_type=\"widget\" data-widget_type=\"text-editor.default\">\n\t\t\t\t<div class=\"elementor-widget-container\">\n\t\t\t\t\t\t\t\t\t<p><span style=\"color: #000000;\"><strong><a style=\"color: #000000;\" href=\"https:\/\/valor.globo.com\/politica\/noticia\/2022\/06\/27\/google-e-pressionado-por-oferecer-menos-transparencia-politica-no-brasil-do-que-em-outros-paises.ghtml\u00a0\" target=\"_blank\" rel=\"noopener\">[Valor Econ\u00f4mico] &#8211; Google \u00e9 pressionado por oferecer menos transpar\u00eancia pol\u00edtica no Brasil do que em outros pa\u00edses<\/a><\/strong><\/span><\/p><p><span style=\"color: #000000;\"><strong><a style=\"color: #000000;\" href=\"https:\/\/valor.globo.com\/politica\/noticia\/2022\/06\/27\/google-e-pressionado-por-oferecer-menos-transparencia-politica-no-brasil-do-que-em-outros-paises.ghtml\u00a0\" target=\"_blank\" rel=\"noopener\">27\/06\/2022<\/a><\/strong><\/span><\/p>\t\t\t\t\t\t\t\t<\/div>\n\t\t\t\t<\/div>\n\t\t\t\t\t<\/div>\n\t\t<\/div>\n\t\t\t\t<div class=\"elementor-column elementor-col-25 elementor-top-column elementor-element elementor-element-1696d34\" data-id=\"1696d34\" data-element_type=\"column\" data-settings=\"{&quot;background_background&quot;:&quot;classic&quot;}\">\n\t\t\t<div class=\"elementor-widget-wrap elementor-element-populated\">\n\t\t\t\t\t\t<div class=\"elementor-element elementor-element-2b40d5c elementor-widget elementor-widget-text-editor\" data-id=\"2b40d5c\" data-element_type=\"widget\" data-widget_type=\"text-editor.default\">\n\t\t\t\t<div class=\"elementor-widget-container\">\n\t\t\t\t\t\t\t\t\t<p><span style=\"color: #000000;\"><strong><a style=\"color: #000000;\" href=\"https:\/\/patrialatina.com.br\/google-ja-decidiu-o-seu-lado-nas-eleicoes\/\" target=\"_blank\" rel=\"noopener\">[Desinformante] &#8211; Campanha pressiona Google por mais transpar\u00eancia nos an\u00fancios pol\u00edticos no Brasil<\/a><\/strong><\/span><\/p><p><span style=\"color: #000000;\"><strong><a style=\"color: #000000;\" href=\"https:\/\/patrialatina.com.br\/google-ja-decidiu-o-seu-lado-nas-eleicoes\/\" target=\"_blank\" rel=\"noopener\">27\/06\/2022<\/a><\/strong><\/span><\/p>\t\t\t\t\t\t\t\t<\/div>\n\t\t\t\t<\/div>\n\t\t\t\t\t<\/div>\n\t\t<\/div>\n\t\t\t\t\t<\/div>\n\t\t<\/section>\n\t\t\t\t<section class=\"elementor-section elementor-top-section elementor-element elementor-element-2b98db1 elementor-section-boxed elementor-section-height-default elementor-section-height-default qodef-elementor-content-no qodef-elementor-background-lines-no\" data-id=\"2b98db1\" data-element_type=\"section\">\n\t\t\t\t\t\t<div class=\"elementor-container elementor-column-gap-default\">\n\t\t\t\t\t<div class=\"elementor-column elementor-col-25 elementor-top-column elementor-element elementor-element-51fe33e\" data-id=\"51fe33e\" data-element_type=\"column\" data-settings=\"{&quot;background_background&quot;:&quot;classic&quot;}\">\n\t\t\t<div class=\"elementor-widget-wrap elementor-element-populated\">\n\t\t\t\t\t\t<div class=\"elementor-element elementor-element-2242fd5 elementor-widget elementor-widget-text-editor\" data-id=\"2242fd5\" data-element_type=\"widget\" data-widget_type=\"text-editor.default\">\n\t\t\t\t<div class=\"elementor-widget-container\">\n\t\t\t\t\t\t\t\t\t<p><span style=\"color: #000000;\"><strong><a style=\"color: #000000;\" href=\"https:\/\/avoador.com.br\/pagina-central\/relatorio-de-transparencia-de-publicidade-politica-do-google-e-superficial-no-brasil-denunciam-intervozes-e-sleeping-giants\/\" target=\"_blank\" rel=\"noopener\">[Avoador] &#8211; Relat\u00f3rio de Transpar\u00eancia de Publicidade Pol\u00edtica do Google \u00e9 superficial no Brasil, denunciam Intervozes e Sleeping Giants<\/a><\/strong><\/span><\/p><p><span style=\"color: #000000;\"><strong><a style=\"color: #000000;\" href=\"https:\/\/avoador.com.br\/pagina-central\/relatorio-de-transparencia-de-publicidade-politica-do-google-e-superficial-no-brasil-denunciam-intervozes-e-sleeping-giants\/\" target=\"_blank\" rel=\"noopener\">29\/06\/2022<\/a><\/strong><\/span><\/p>\t\t\t\t\t\t\t\t<\/div>\n\t\t\t\t<\/div>\n\t\t\t\t\t<\/div>\n\t\t<\/div>\n\t\t\t\t<div class=\"elementor-column elementor-col-25 elementor-top-column elementor-element elementor-element-359a3f9\" data-id=\"359a3f9\" data-element_type=\"column\" data-settings=\"{&quot;background_background&quot;:&quot;classic&quot;}\">\n\t\t\t<div class=\"elementor-widget-wrap elementor-element-populated\">\n\t\t\t\t\t\t<div class=\"elementor-element elementor-element-c116c58 elementor-widget elementor-widget-text-editor\" data-id=\"c116c58\" data-element_type=\"widget\" data-widget_type=\"text-editor.default\">\n\t\t\t\t<div class=\"elementor-widget-container\">\n\t\t\t\t\t\t\t\t\t<p><span style=\"color: #000000;\"><strong><a style=\"color: #000000;\" href=\"https:\/\/olhardigital.com.br\/2022\/06\/29\/pro\/sleeping-giants-google-e-negligente-com-transparencia-politica-no-brasil\/\" target=\"_blank\" rel=\"noopener\">[Olhar Digital] &#8211; Sleeping Giants: Google \u00e9 negligente com transpar\u00eancia pol\u00edtica no Brasil<\/a><\/strong><\/span><\/p><p><span style=\"color: #000000;\"><strong><a style=\"color: #000000;\" href=\"https:\/\/olhardigital.com.br\/2022\/06\/29\/pro\/sleeping-giants-google-e-negligente-com-transparencia-politica-no-brasil\/\" target=\"_blank\" rel=\"noopener\">29\/06\/2022<\/a><\/strong><\/span><\/p>\t\t\t\t\t\t\t\t<\/div>\n\t\t\t\t<\/div>\n\t\t\t\t\t<\/div>\n\t\t<\/div>\n\t\t\t\t<div class=\"elementor-column elementor-col-25 elementor-top-column elementor-element elementor-element-f60e1de\" data-id=\"f60e1de\" data-element_type=\"column\" data-settings=\"{&quot;background_background&quot;:&quot;classic&quot;}\">\n\t\t\t<div class=\"elementor-widget-wrap elementor-element-populated\">\n\t\t\t\t\t\t<div class=\"elementor-element elementor-element-353f842 elementor-widget elementor-widget-text-editor\" data-id=\"353f842\" data-element_type=\"widget\" data-widget_type=\"text-editor.default\">\n\t\t\t\t<div class=\"elementor-widget-container\">\n\t\t\t\t\t\t\t\t\t<p><span style=\"color: #000000;\"><strong><a style=\"color: #000000;\" href=\"https:\/\/www.youtube.com\/watch?v=-b83Wv1Gerg\" target=\"_blank\" rel=\"noopener\">[RNCD] &#8211; Google \u00e9 negligente com transpar\u00eancia pol\u00edtica no Brasil<\/a><\/strong><\/span><\/p><p><span style=\"color: #000000;\"><strong><a style=\"color: #000000;\" href=\"https:\/\/www.youtube.com\/watch?v=-b83Wv1Gerg\" target=\"_blank\" rel=\"noopener\">29\/06\/2022<\/a><\/strong><\/span><\/p>\t\t\t\t\t\t\t\t<\/div>\n\t\t\t\t<\/div>\n\t\t\t\t\t<\/div>\n\t\t<\/div>\n\t\t\t\t<div class=\"elementor-column elementor-col-25 elementor-top-column elementor-element elementor-element-de6b9d0\" data-id=\"de6b9d0\" data-element_type=\"column\" data-settings=\"{&quot;background_background&quot;:&quot;classic&quot;}\">\n\t\t\t<div class=\"elementor-widget-wrap elementor-element-populated\">\n\t\t\t\t\t\t<div class=\"elementor-element elementor-element-d65f877 elementor-widget elementor-widget-text-editor\" data-id=\"d65f877\" data-element_type=\"widget\" data-widget_type=\"text-editor.default\">\n\t\t\t\t<div class=\"elementor-widget-container\">\n\t\t\t\t\t\t\t\t\t<p><span style=\"color: #000000;\"><strong><a style=\"color: #000000;\" href=\"https:\/\/desinformante.com.br\/meio-ambiente-e-alvo-de-desinformacao-nas-redes-sociais\/\" target=\"_blank\" rel=\"noopener\"> [Desinformante] &#8211; Meio ambiente \u00e9 alvo de desinforma\u00e7\u00e3o nas redes sociais<\/a><\/strong><\/span><\/p><p><span style=\"color: #000000;\"><strong><a style=\"color: #000000;\" href=\"https:\/\/desinformante.com.br\/meio-ambiente-e-alvo-de-desinformacao-nas-redes-sociais\/\" target=\"_blank\" rel=\"noopener\">22\/07\/2022<\/a><\/strong><\/span><\/p>\t\t\t\t\t\t\t\t<\/div>\n\t\t\t\t<\/div>\n\t\t\t\t\t<\/div>\n\t\t<\/div>\n\t\t\t\t\t<\/div>\n\t\t<\/section>\n\t\t\t\t<section class=\"elementor-section elementor-top-section elementor-element elementor-element-92b8066 elementor-section-boxed elementor-section-height-default elementor-section-height-default qodef-elementor-content-no qodef-elementor-background-lines-no\" data-id=\"92b8066\" data-element_type=\"section\">\n\t\t\t\t\t\t<div class=\"elementor-container elementor-column-gap-default\">\n\t\t\t\t\t<div class=\"elementor-column elementor-col-25 elementor-top-column elementor-element elementor-element-b916b4b\" data-id=\"b916b4b\" data-element_type=\"column\" data-settings=\"{&quot;background_background&quot;:&quot;classic&quot;}\">\n\t\t\t<div class=\"elementor-widget-wrap elementor-element-populated\">\n\t\t\t\t\t\t<div class=\"elementor-element elementor-element-dd6f0ac elementor-widget elementor-widget-text-editor\" data-id=\"dd6f0ac\" data-element_type=\"widget\" data-widget_type=\"text-editor.default\">\n\t\t\t\t<div class=\"elementor-widget-container\">\n\t\t\t\t\t\t\t\t\t<p><span style=\"color: #000000;\"><strong><a style=\"color: #000000;\" href=\"https:\/\/midianinja.org\/news\/gt-de-combate-a-desinformacao-na-amazonia-legal-lanca-primeiro-relatorio-no-fospa\/\" target=\"_blank\" rel=\"noopener\">[M\u00eddia Ninja] &#8211; GT de Combate \u00e0 desinforma\u00e7\u00e3o na Amaz\u00f4nia Legal lan\u00e7a primeiro relat\u00f3rio no Fosp<\/a>a<\/strong><\/span><\/p><p><strong style=\"font-family: var( --e-global-typography-text-font-family ), Sans-serif;\"><a style=\"color: #000000;\" href=\"https:\/\/midianinja.org\/news\/gt-de-combate-a-desinformacao-na-amazonia-legal-lanca-primeiro-relatorio-no-fospa\/\" target=\"_blank\" rel=\"noopener\">28\/07\/2022<\/a><\/strong><span style=\"color: #000000;\"><strong><a style=\"color: #000000;\" href=\"https:\/\/midianinja.org\/news\/gt-de-combate-a-desinformacao-na-amazonia-legal-lanca-primeiro-relatorio-no-fospa\/\" target=\"_blank\" rel=\"noopener\"><br \/><\/a><\/strong><\/span><\/p>\t\t\t\t\t\t\t\t<\/div>\n\t\t\t\t<\/div>\n\t\t\t\t\t<\/div>\n\t\t<\/div>\n\t\t\t\t<div class=\"elementor-column elementor-col-25 elementor-top-column elementor-element elementor-element-8d78cfe\" data-id=\"8d78cfe\" data-element_type=\"column\" data-settings=\"{&quot;background_background&quot;:&quot;classic&quot;}\">\n\t\t\t<div class=\"elementor-widget-wrap elementor-element-populated\">\n\t\t\t\t\t\t<div class=\"elementor-element elementor-element-1e578aa elementor-widget elementor-widget-text-editor\" data-id=\"1e578aa\" data-element_type=\"widget\" data-widget_type=\"text-editor.default\">\n\t\t\t\t<div class=\"elementor-widget-container\">\n\t\t\t\t\t\t\t\t\t<span style=\"color: #000000;\"><strong><a style=\"color: #000000;\" href=\"https:\/\/reformapolitica.org.br\/2022\/07\/28\/radio-plataforma-a-desinformacao-eleitoral-se-propaga-e-exige-atencao\/\" target=\"_blank\" rel=\"noopener\">[R\u00e1dio Plataforma] A desinforma\u00e7\u00e3o eleitoral se propaga e exige aten\u00e7\u00e3o<br>\n28\/07\/2022<\/a><\/strong><\/span>\t\t\t\t\t\t\t\t<\/div>\n\t\t\t\t<\/div>\n\t\t\t\t\t<\/div>\n\t\t<\/div>\n\t\t\t\t<div class=\"elementor-column elementor-col-25 elementor-top-column elementor-element elementor-element-9bc12e1\" data-id=\"9bc12e1\" data-element_type=\"column\" data-settings=\"{&quot;background_background&quot;:&quot;classic&quot;}\">\n\t\t\t<div class=\"elementor-widget-wrap elementor-element-populated\">\n\t\t\t\t\t\t<div class=\"elementor-element elementor-element-6d6bbdd elementor-widget elementor-widget-text-editor\" data-id=\"6d6bbdd\" data-element_type=\"widget\" data-widget_type=\"text-editor.default\">\n\t\t\t\t<div class=\"elementor-widget-container\">\n\t\t\t\t\t\t\t\t\t<span style=\"color: #000000;\"><strong><a style=\"color: #000000;\" href=\"https:\/\/www.amazonialatitude.com\/2022\/07\/31\/combate-a-desinformacao-na-amazonia-no-x-fospa\/\" target=\"_blank\" rel=\"noopener\">[Amaz\u00f4nia Latitude] Combate \u00e0 desinforma\u00e7\u00e3o na Amaz\u00f4nia no X FOSPA<br>\n31\/07\/2022<\/a><\/strong><\/span>\t\t\t\t\t\t\t\t<\/div>\n\t\t\t\t<\/div>\n\t\t\t\t\t<\/div>\n\t\t<\/div>\n\t\t\t\t<div class=\"elementor-column elementor-col-25 elementor-top-column elementor-element elementor-element-0939c5f\" data-id=\"0939c5f\" data-element_type=\"column\" data-settings=\"{&quot;background_background&quot;:&quot;classic&quot;}\">\n\t\t\t<div class=\"elementor-widget-wrap elementor-element-populated\">\n\t\t\t\t\t\t<div class=\"elementor-element elementor-element-f43a052 elementor-widget elementor-widget-text-editor\" data-id=\"f43a052\" data-element_type=\"widget\" data-widget_type=\"text-editor.default\">\n\t\t\t\t<div class=\"elementor-widget-container\">\n\t\t\t\t\t\t\t\t\t<span style=\"color: #000000;\"><strong><a style=\"color: #000000;\" href=\"https:\/\/www.plurale.com.br\/site\/noticias-detalhes.php?cod=19995&#038;codSecao=2\" target=\"_blank\" rel=\"noopener\">[Portal Plurale] &#8211; Algoritmos, ciladas e negacionismo clim\u00e1tico<br>\n03\/08\/2022<\/a><\/strong><\/span>\t\t\t\t\t\t\t\t<\/div>\n\t\t\t\t<\/div>\n\t\t\t\t\t<\/div>\n\t\t<\/div>\n\t\t\t\t\t<\/div>\n\t\t<\/section>\n\t\t\t\t<section class=\"elementor-section elementor-top-section elementor-element elementor-element-f35802d elementor-section-boxed elementor-section-height-default elementor-section-height-default qodef-elementor-content-no qodef-elementor-background-lines-no\" data-id=\"f35802d\" data-element_type=\"section\">\n\t\t\t\t\t\t<div class=\"elementor-container elementor-column-gap-default\">\n\t\t\t\t\t<div class=\"elementor-column elementor-col-25 elementor-top-column elementor-element elementor-element-49c8d7e\" data-id=\"49c8d7e\" data-element_type=\"column\" data-settings=\"{&quot;background_background&quot;:&quot;classic&quot;}\">\n\t\t\t<div class=\"elementor-widget-wrap elementor-element-populated\">\n\t\t\t\t\t\t<div class=\"elementor-element elementor-element-138a7d7 elementor-widget elementor-widget-text-editor\" data-id=\"138a7d7\" data-element_type=\"widget\" data-widget_type=\"text-editor.default\">\n\t\t\t\t<div class=\"elementor-widget-container\">\n\t\t\t\t\t\t\t\t\t<p><span style=\"color: #000000;\"><strong><a style=\"color: #000000;\" href=\"https:\/\/www.bloomberglinea.com.br\/2022\/08\/18\/google-passa-a-incluir-candidatos-estaduais-em-relatorio-de-propaganda-politica\/\" target=\"_blank\" rel=\"noopener\">[Bloomberg] &#8211; Google passa a incluir candidatos estaduais em relat\u00f3rio de propaganda pol\u00edtica<br \/><\/a><\/strong><\/span><\/p><p><span style=\"color: #000000;\"><strong><a style=\"color: #000000;\" href=\"https:\/\/www.bloomberglinea.com.br\/2022\/08\/18\/google-passa-a-incluir-candidatos-estaduais-em-relatorio-de-propaganda-politica\/\" target=\"_blank\" rel=\"noopener\">18\/08\/2022<\/a><\/strong><\/span><\/p>\t\t\t\t\t\t\t\t<\/div>\n\t\t\t\t<\/div>\n\t\t\t\t\t<\/div>\n\t\t<\/div>\n\t\t\t\t<div class=\"elementor-column elementor-col-25 elementor-top-column elementor-element elementor-element-3844f75\" data-id=\"3844f75\" data-element_type=\"column\" data-settings=\"{&quot;background_background&quot;:&quot;classic&quot;}\">\n\t\t\t<div class=\"elementor-widget-wrap elementor-element-populated\">\n\t\t\t\t\t\t<div class=\"elementor-element elementor-element-f463b02 elementor-widget elementor-widget-text-editor\" data-id=\"f463b02\" data-element_type=\"widget\" data-widget_type=\"text-editor.default\">\n\t\t\t\t<div class=\"elementor-widget-container\">\n\t\t\t\t\t\t\t\t\t<p><span style=\"color: #000000;\"><strong><a style=\"color: #000000;\" href=\"https:\/\/www.greenpeace.org\/brasil\/podcast\/as-arvores-somos-nozes-67-fake-news-um-mal-para-a-saude-humana-e-do-planeta\/\" target=\"_blank\" rel=\"noopener\">[Greenpeace] &#8211; As \u00c1rvores Somos Nozes 67 \u2013 Fake news, um mal para a sa\u00fade humana e do planeta<\/a><\/strong><\/span><\/p><p><span style=\"color: #000000;\"><strong><a style=\"color: #000000;\" href=\"https:\/\/www.greenpeace.org\/brasil\/podcast\/as-arvores-somos-nozes-67-fake-news-um-mal-para-a-saude-humana-e-do-planeta\/\" target=\"_blank\" rel=\"noopener\">19\/08\/2022<\/a><\/strong><\/span><\/p>\t\t\t\t\t\t\t\t<\/div>\n\t\t\t\t<\/div>\n\t\t\t\t\t<\/div>\n\t\t<\/div>\n\t\t\t\t<div class=\"elementor-column elementor-col-25 elementor-top-column elementor-element elementor-element-44369d1\" data-id=\"44369d1\" data-element_type=\"column\" data-settings=\"{&quot;background_background&quot;:&quot;classic&quot;}\">\n\t\t\t<div class=\"elementor-widget-wrap elementor-element-populated\">\n\t\t\t\t\t\t<div class=\"elementor-element elementor-element-7010a78 elementor-widget elementor-widget-text-editor\" data-id=\"7010a78\" data-element_type=\"widget\" data-widget_type=\"text-editor.default\">\n\t\t\t\t<div class=\"elementor-widget-container\">\n\t\t\t\t\t\t\t\t\t<p><span style=\"color: #000000;\"><strong><a style=\"color: #000000;\" href=\"https:\/\/coarnoticias.com\/2022\/08\/21\/conheca-os-mediadores-e-as-mesas-tematicas-do-i-coloquio-nacional-sobre-o-clima\/\" target=\"_blank\" rel=\"noopener\">[Coar Not\u00edcias] &#8211; Conhe\u00e7a os mediadores e as mesas tem\u00e1ticas do I Col\u00f3quio Nacional sobre o Clima<\/a><\/strong><\/span><\/p><p><span style=\"color: #000000;\"><strong><a style=\"color: #000000;\" href=\"LINK\" target=\"_blank\" rel=\"noopener\">21\/08\/2022<\/a><\/strong><\/span><\/p>\t\t\t\t\t\t\t\t<\/div>\n\t\t\t\t<\/div>\n\t\t\t\t\t<\/div>\n\t\t<\/div>\n\t\t\t\t<div class=\"elementor-column elementor-col-25 elementor-top-column elementor-element elementor-element-925ebd4\" data-id=\"925ebd4\" data-element_type=\"column\" data-settings=\"{&quot;background_background&quot;:&quot;classic&quot;}\">\n\t\t\t<div class=\"elementor-widget-wrap elementor-element-populated\">\n\t\t\t\t\t\t<div class=\"elementor-element elementor-element-8716c0c elementor-widget elementor-widget-text-editor\" data-id=\"8716c0c\" data-element_type=\"widget\" data-widget_type=\"text-editor.default\">\n\t\t\t\t<div class=\"elementor-widget-container\">\n\t\t\t\t\t\t\t\t\t<p><span style=\"color: #000000;\"><strong><a style=\"color: #000000;\" href=\"LINK\" target=\"_blank\" rel=\"noopener\">[Brasil de Fato] &#8211; Site bolsonarista espalha fake news na Amaz\u00f4nia e tem liga\u00e7\u00e3o com aliado de Bolsonaro<\/a><\/strong><\/span><\/p><p><span style=\"color: #000000;\"><strong><a style=\"color: #000000;\" href=\"https:\/\/www.brasildefato.com.br\/2022\/09\/07\/site-bolsonarista-espalha-fake-news-na-amazonia-e-tem-ligacao-com-aliado-de-bolsonaro\" target=\"_blank\" rel=\"noopener\">07\/09\/2022<\/a><\/strong><\/span><\/p>\t\t\t\t\t\t\t\t<\/div>\n\t\t\t\t<\/div>\n\t\t\t\t\t<\/div>\n\t\t<\/div>\n\t\t\t\t\t<\/div>\n\t\t<\/section>\n\t\t\t\t<section class=\"elementor-section elementor-top-section elementor-element elementor-element-c7eb0ee elementor-section-boxed elementor-section-height-default elementor-section-height-default qodef-elementor-content-no qodef-elementor-background-lines-no\" data-id=\"c7eb0ee\" data-element_type=\"section\">\n\t\t\t\t\t\t<div class=\"elementor-container elementor-column-gap-default\">\n\t\t\t\t\t<div class=\"elementor-column elementor-col-25 elementor-top-column elementor-element elementor-element-f7f0320\" data-id=\"f7f0320\" data-element_type=\"column\" data-settings=\"{&quot;background_background&quot;:&quot;classic&quot;}\">\n\t\t\t<div class=\"elementor-widget-wrap elementor-element-populated\">\n\t\t\t\t\t\t<div class=\"elementor-element elementor-element-ff311d9 elementor-widget elementor-widget-text-editor\" data-id=\"ff311d9\" data-element_type=\"widget\" data-widget_type=\"text-editor.default\">\n\t\t\t\t<div class=\"elementor-widget-container\">\n\t\t\t\t\t\t\t\t\t<p><span style=\"color: #000000;\"><strong><a style=\"color: #000000;\" href=\"https:\/\/www.abare.jor.br\/post\/campanha-eduzz-desfinanciamento-portal-novo-norte\" target=\"_blank\" rel=\"noopener\">[Abar\u00e9] &#8211; Campanha in\u00e9dita cobra Eduzz para desfinanciamento de Portal Novo Norte<\/a><\/strong><\/span><\/p><p><span style=\"color: #000000;\"><strong><a style=\"color: #000000;\" href=\"https:\/\/www.abare.jor.br\/post\/campanha-eduzz-desfinanciamento-portal-novo-norte\" target=\"_blank\" rel=\"noopener\">07\/09\/2022<\/a><\/strong><\/span><\/p>\t\t\t\t\t\t\t\t<\/div>\n\t\t\t\t<\/div>\n\t\t\t\t\t<\/div>\n\t\t<\/div>\n\t\t\t\t<div class=\"elementor-column elementor-col-25 elementor-top-column elementor-element elementor-element-101cac3\" data-id=\"101cac3\" data-element_type=\"column\" data-settings=\"{&quot;background_background&quot;:&quot;classic&quot;}\">\n\t\t\t<div class=\"elementor-widget-wrap elementor-element-populated\">\n\t\t\t\t\t\t<div class=\"elementor-element elementor-element-cfd1e24 elementor-widget elementor-widget-text-editor\" data-id=\"cfd1e24\" data-element_type=\"widget\" data-widget_type=\"text-editor.default\">\n\t\t\t\t<div class=\"elementor-widget-container\">\n\t\t\t\t\t\t\t\t\t<p><span style=\"color: #000000;\"><strong><a style=\"color: #000000;\" href=\"https:\/\/www.cartacapital.com.br\/blogs\/intervozes\/portal-novo-norte-e-eduzz-sao-notificados-por-disseminarem-desinformacao-contra-amazonia\/\" target=\"_blank\" rel=\"noopener\">[Carta Capital] &#8211; Portal Novo Norte e Eduzz s\u00e3o notificados por disseminarem desinforma\u00e7\u00e3o contra Amaz\u00f4nia<\/a><\/strong><\/span><\/p><p><span style=\"color: #000000;\"><strong><a style=\"color: #000000;\" href=\"https:\/\/www.cartacapital.com.br\/blogs\/intervozes\/portal-novo-norte-e-eduzz-sao-notificados-por-disseminarem-desinformacao-contra-amazonia\/\" target=\"_blank\" rel=\"noopener\">07\/09\/2022<\/a><\/strong><\/span><\/p>\t\t\t\t\t\t\t\t<\/div>\n\t\t\t\t<\/div>\n\t\t\t\t\t<\/div>\n\t\t<\/div>\n\t\t\t\t<div class=\"elementor-column elementor-col-25 elementor-top-column elementor-element elementor-element-4bc6972\" data-id=\"4bc6972\" data-element_type=\"column\" data-settings=\"{&quot;background_background&quot;:&quot;classic&quot;}\">\n\t\t\t<div class=\"elementor-widget-wrap elementor-element-populated\">\n\t\t\t\t\t\t<div class=\"elementor-element elementor-element-26922b4 elementor-widget elementor-widget-text-editor\" data-id=\"26922b4\" data-element_type=\"widget\" data-widget_type=\"text-editor.default\">\n\t\t\t\t<div class=\"elementor-widget-container\">\n\t\t\t\t\t\t\t\t\t<p><span style=\"color: #000000;\"><strong><a style=\"color: #000000;\" href=\"https:\/\/diariocarioca.com\/politica\/noticia\/2022\/09\/07\/site-bolsonarista-espalha-fake-news-na-amazonia-e-tem-ligacao-com-aliado-de-bolsonaro\/10337995.html\" target=\"_blank\" rel=\"noopener\">[Di\u00e1rio Carioca] &#8211; Site bolsonarista espalha fake news na Amaz\u00f4nia e tem liga\u00e7\u00e3o com aliado de Bolsonaro<\/a><\/strong><\/span><\/p><p><span style=\"color: #000000;\"><strong><a style=\"color: #000000;\" href=\"https:\/\/diariocarioca.com\/politica\/noticia\/2022\/09\/07\/site-bolsonarista-espalha-fake-news-na-amazonia-e-tem-ligacao-com-aliado-de-bolsonaro\/10337995.html\" target=\"_blank\" rel=\"noopener\">07\/09\/2022<\/a><\/strong><\/span><\/p>\t\t\t\t\t\t\t\t<\/div>\n\t\t\t\t<\/div>\n\t\t\t\t\t<\/div>\n\t\t<\/div>\n\t\t\t\t<div class=\"elementor-column elementor-col-25 elementor-top-column elementor-element elementor-element-3db296a\" data-id=\"3db296a\" data-element_type=\"column\" data-settings=\"{&quot;background_background&quot;:&quot;classic&quot;}\">\n\t\t\t<div class=\"elementor-widget-wrap elementor-element-populated\">\n\t\t\t\t\t\t<div class=\"elementor-element elementor-element-1fc9fc0 elementor-widget elementor-widget-text-editor\" data-id=\"1fc9fc0\" data-element_type=\"widget\" data-widget_type=\"text-editor.default\">\n\t\t\t\t<div class=\"elementor-widget-container\">\n\t\t\t\t\t\t\t\t\t<p><span style=\"color: #000000;\"><strong><a style=\"color: #000000;\" href=\"https:\/\/midianinja.org\/news\/no-combate-a-desinformacao-na-amazonia-campanha-cobra-desfinanciamento-de-portal\/\" target=\"_blank\" rel=\"noopener\">[M\u00eddia Ninja] &#8211; No combate \u00e0 desinforma\u00e7\u00e3o na Amaz\u00f4nia, campanha cobra desfinanciamento de portal<\/a><\/strong><\/span><\/p><p><span style=\"color: #000000;\"><strong><a style=\"color: #000000;\" href=\"https:\/\/midianinja.org\/news\/no-combate-a-desinformacao-na-amazonia-campanha-cobra-desfinanciamento-de-portal\/\" target=\"_blank\" rel=\"noopener\">07\/09\/2022<\/a><\/strong><\/span><\/p>\t\t\t\t\t\t\t\t<\/div>\n\t\t\t\t<\/div>\n\t\t\t\t\t<\/div>\n\t\t<\/div>\n\t\t\t\t\t<\/div>\n\t\t<\/section>\n\t\t\t\t<section class=\"elementor-section elementor-top-section elementor-element elementor-element-9b4d8f6 elementor-section-boxed elementor-section-height-default elementor-section-height-default qodef-elementor-content-no qodef-elementor-background-lines-no\" data-id=\"9b4d8f6\" data-element_type=\"section\">\n\t\t\t\t\t\t<div class=\"elementor-container elementor-column-gap-default\">\n\t\t\t\t\t<div class=\"elementor-column elementor-col-25 elementor-top-column elementor-element elementor-element-8a77375\" data-id=\"8a77375\" data-element_type=\"column\" data-settings=\"{&quot;background_background&quot;:&quot;classic&quot;}\">\n\t\t\t<div class=\"elementor-widget-wrap elementor-element-populated\">\n\t\t\t\t\t\t<div class=\"elementor-element elementor-element-eab9a1f elementor-widget elementor-widget-text-editor\" data-id=\"eab9a1f\" data-element_type=\"widget\" data-widget_type=\"text-editor.default\">\n\t\t\t\t<div class=\"elementor-widget-container\">\n\t\t\t\t\t\t\t\t\t<p><span style=\"color: #000000;\"><strong><a style=\"color: #000000;\" href=\"https:\/\/www.brasildefatoba.com.br\/2022\/09\/27\/desinformacao-e-fake-news-ainda-sao-desafios-da-campanha-eleitoral-de-2022-aponta-pesquisadora\" target=\"_blank\" rel=\"noopener\">[ Brasil da Fato &#8211; BA] &#8211; Desinforma\u00e7\u00e3o e fakenews ainda s\u00e3o desafios na campanha eleitoral<\/a><\/strong><\/span><\/p><p><span style=\"color: #000000;\"><strong><a style=\"color: #000000;\" href=\"https:\/\/www.brasildefatoba.com.br\/2022\/09\/27\/desinformacao-e-fake-news-ainda-sao-desafios-da-campanha-eleitoral-de-2022-aponta-pesquisadora\" target=\"_blank\" rel=\"noopener\">27\/09\/2022<\/a><\/strong><\/span><\/p>\t\t\t\t\t\t\t\t<\/div>\n\t\t\t\t<\/div>\n\t\t\t\t\t<\/div>\n\t\t<\/div>\n\t\t\t\t<div class=\"elementor-column elementor-col-25 elementor-top-column elementor-element elementor-element-2c93ea9\" data-id=\"2c93ea9\" data-element_type=\"column\" data-settings=\"{&quot;background_background&quot;:&quot;classic&quot;}\">\n\t\t\t<div class=\"elementor-widget-wrap elementor-element-populated\">\n\t\t\t\t\t\t<div class=\"elementor-element elementor-element-ef5b945 elementor-widget elementor-widget-text-editor\" data-id=\"ef5b945\" data-element_type=\"widget\" data-widget_type=\"text-editor.default\">\n\t\t\t\t<div class=\"elementor-widget-container\">\n\t\t\t\t\t\t\t\t\t<p><span style=\"color: #000000;\"><strong><a style=\"color: #000000;\" href=\"https:\/\/www.redeamazoom.org\/post\/aula-p%C3%BAblica-discute-combate-%C3%A0-desinforma%C3%A7%C3%A3o-e-pr%C3%A1ticas-de-enfrentamento-ao-negacionismo\" target=\"_blank\" rel=\"noopener\">[Rede Amazoon] &#8211; Aula p\u00fablica discute combate \u00e0 desinforma\u00e7\u00e3o e pr\u00e1ticas de enfrentamento ao negacionismo<\/a><\/strong><\/span><\/p><p><span style=\"color: #000000;\"><strong><a style=\"color: #000000;\" href=\"https:\/\/www.redeamazoom.org\/post\/aula-p%C3%BAblica-discute-combate-%C3%A0-desinforma%C3%A7%C3%A3o-e-pr%C3%A1ticas-de-enfrentamento-ao-negacionismo\" target=\"_blank\" rel=\"noopener\">21\/10\/2022<\/a><\/strong><\/span><\/p>\t\t\t\t\t\t\t\t<\/div>\n\t\t\t\t<\/div>\n\t\t\t\t\t<\/div>\n\t\t<\/div>\n\t\t\t\t<div class=\"elementor-column elementor-col-25 elementor-top-column elementor-element elementor-element-9fa218b\" data-id=\"9fa218b\" data-element_type=\"column\" data-settings=\"{&quot;background_background&quot;:&quot;classic&quot;}\">\n\t\t\t<div class=\"elementor-widget-wrap elementor-element-populated\">\n\t\t\t\t\t\t<div class=\"elementor-element elementor-element-445ee06 elementor-widget elementor-widget-text-editor\" data-id=\"445ee06\" data-element_type=\"widget\" data-widget_type=\"text-editor.default\">\n\t\t\t\t<div class=\"elementor-widget-container\">\n\t\t\t\t\t\t\t\t\t<p><span style=\"color: #000000;\"><strong><a style=\"color: #000000;\" href=\"https:\/\/www.mobiletime.com.br\/noticias\/21\/10\/2022\/pgr-pede-que-stf-anule-resolucao-do-tse-que-agiliza-retirada-de-desinformacao-das-redes-sociais\/\" target=\"_blank\" rel=\"noopener\">[Mobile Time] &#8211; PGR pede que STF anule resolu\u00e7\u00e3o do TSE que agiliza retirada de desinforma\u00e7\u00e3o das redes sociais<\/a><\/strong><\/span><\/p><p><span style=\"color: #000000;\"><strong><a style=\"color: #000000;\" href=\"https:\/\/www.mobiletime.com.br\/noticias\/21\/10\/2022\/pgr-pede-que-stf-anule-resolucao-do-tse-que-agiliza-retirada-de-desinformacao-das-redes-sociais\/\" target=\"_blank\" rel=\"noopener\">21\/10\/2022<\/a><\/strong><\/span><\/p>\t\t\t\t\t\t\t\t<\/div>\n\t\t\t\t<\/div>\n\t\t\t\t\t<\/div>\n\t\t<\/div>\n\t\t\t\t<div class=\"elementor-column elementor-col-25 elementor-top-column elementor-element elementor-element-207455f\" data-id=\"207455f\" data-element_type=\"column\" data-settings=\"{&quot;background_background&quot;:&quot;classic&quot;}\">\n\t\t\t<div class=\"elementor-widget-wrap elementor-element-populated\">\n\t\t\t\t\t\t<div class=\"elementor-element elementor-element-922a79e elementor-widget elementor-widget-text-editor\" data-id=\"922a79e\" data-element_type=\"widget\" data-widget_type=\"text-editor.default\">\n\t\t\t\t<div class=\"elementor-widget-container\">\n\t\t\t\t\t\t\t\t\t<p><span style=\"color: #000000;\"><strong><a style=\"color: #000000;\" href=\"https:\/\/www.facebook.com\/watch\/live\/?ref=watch_permalink&amp;v=5917988524880320&amp;_rdc=1&amp;_rdr\" target=\"_blank\" rel=\"noopener\">Desinforma\u00e7\u00e3o nas elei\u00e7\u00f5es<\/a><\/strong><\/span><\/p><p><span style=\"color: #000000;\"><strong><a style=\"color: #000000;\" href=\"https:\/\/www.facebook.com\/watch\/live\/?ref=watch_permalink&amp;v=5917988524880320&amp;_rdc=1&amp;_rdr\" target=\"_blank\" rel=\"noopener\">25\/10\/2022<\/a><\/strong><\/span><\/p>\t\t\t\t\t\t\t\t<\/div>\n\t\t\t\t<\/div>\n\t\t\t\t\t<\/div>\n\t\t<\/div>\n\t\t\t\t\t<\/div>\n\t\t<\/section>\n\t\t\t\t<section class=\"elementor-section elementor-top-section elementor-element elementor-element-7917b22 elementor-section-boxed elementor-section-height-default elementor-section-height-default qodef-elementor-content-no qodef-elementor-background-lines-no\" data-id=\"7917b22\" data-element_type=\"section\">\n\t\t\t\t\t\t<div class=\"elementor-container elementor-column-gap-default\">\n\t\t\t\t\t<div class=\"elementor-column elementor-col-25 elementor-top-column elementor-element elementor-element-60f1032\" data-id=\"60f1032\" data-element_type=\"column\" data-settings=\"{&quot;background_background&quot;:&quot;classic&quot;}\">\n\t\t\t<div class=\"elementor-widget-wrap elementor-element-populated\">\n\t\t\t\t\t\t<div class=\"elementor-element elementor-element-148a281 elementor-widget elementor-widget-text-editor\" data-id=\"148a281\" data-element_type=\"widget\" data-widget_type=\"text-editor.default\">\n\t\t\t\t<div class=\"elementor-widget-container\">\n\t\t\t\t\t\t\t\t\t<p><span style=\"color: #000000;\"><strong><a style=\"color: #000000;\" href=\"https:\/\/www.aosfatos.org\/noticias\/desinformacao-eleitoral-alcanca-30-milhoes-impulsionada-por-telegram-whatsapp-e-anuncios-do-google\/\" target=\"_blank\" rel=\"noopener\">[Aos Fatos] &#8211; Desinforma\u00e7\u00e3o eleitoral alcan\u00e7a 30 milh\u00f5es impulsionada por Telegram, WhatsApp e an\u00fancios do Google<\/a><\/strong><\/span><\/p><p><span style=\"color: #000000;\"><strong><a style=\"color: #000000;\" href=\"https:\/\/www.aosfatos.org\/noticias\/desinformacao-eleitoral-alcanca-30-milhoes-impulsionada-por-telegram-whatsapp-e-anuncios-do-google\/\" target=\"_blank\" rel=\"noopener\">19\/09\/2022<\/a><\/strong><\/span><\/p>\t\t\t\t\t\t\t\t<\/div>\n\t\t\t\t<\/div>\n\t\t\t\t\t<\/div>\n\t\t<\/div>\n\t\t\t\t<div class=\"elementor-column elementor-col-25 elementor-top-column elementor-element elementor-element-89502ff\" data-id=\"89502ff\" data-element_type=\"column\" data-settings=\"{&quot;background_background&quot;:&quot;classic&quot;}\">\n\t\t\t<div class=\"elementor-widget-wrap elementor-element-populated\">\n\t\t\t\t\t\t<div class=\"elementor-element elementor-element-8e79ec2 elementor-widget elementor-widget-text-editor\" data-id=\"8e79ec2\" data-element_type=\"widget\" data-widget_type=\"text-editor.default\">\n\t\t\t\t<div class=\"elementor-widget-container\">\n\t\t\t\t\t\t\t\t\t<span style=\"color: #000000;\"><strong><a style=\"color: #000000;\" href=\"https:\/\/www.terra.com.br\/noticias\/desinformacao-eleitoral-alcanca-30-milhoes-impulsionada-por-telegram-whatsapp-e-anuncios-do-google,ec04669c5ada0a70bf801eb0a070d253dmux9o1b.html\" target=\"_blank\" rel=\"noopener\">[Portal Terra] Desinforma\u00e7\u00e3o eleitoral alcan\u00e7a 30 milh\u00f5es impulsionada por Telegram, WhatsApp e an\u00fancios do Google\n19\/09\/2022<\/a><\/strong><\/span>\t\t\t\t\t\t\t\t<\/div>\n\t\t\t\t<\/div>\n\t\t\t\t\t<\/div>\n\t\t<\/div>\n\t\t\t\t<div class=\"elementor-column elementor-col-25 elementor-top-column elementor-element elementor-element-465dbc8\" data-id=\"465dbc8\" data-element_type=\"column\" data-settings=\"{&quot;background_background&quot;:&quot;classic&quot;}\">\n\t\t\t<div class=\"elementor-widget-wrap elementor-element-populated\">\n\t\t\t\t\t\t<div class=\"elementor-element elementor-element-6755b35 elementor-widget elementor-widget-text-editor\" data-id=\"6755b35\" data-element_type=\"widget\" data-widget_type=\"text-editor.default\">\n\t\t\t\t<div class=\"elementor-widget-container\">\n\t\t\t\t\t\t\t\t\t<p><span style=\"color: #000000;\"><strong><a style=\"color: #000000;\" href=\"https:\/\/www.apc.org\/es\/news\/portal-novo-norte-y-eduzz-son-notificados-por-difundir-desinformacion-contra-la-amazonia\" target=\"_blank\" rel=\"noopener\">[APC] &#8211; Portal Novo Norte y Eduzz son notificados por difundir desinformaci\u00f3n contra la Amazonia<\/a><\/strong><\/span><\/p><p><span style=\"color: #000000;\"><strong><a style=\"color: #000000;\" href=\"LINK\" target=\"_blank\" rel=\"noopener\">20\/09\/2022<\/a><\/strong><\/span><\/p>\t\t\t\t\t\t\t\t<\/div>\n\t\t\t\t<\/div>\n\t\t\t\t\t<\/div>\n\t\t<\/div>\n\t\t\t\t<div class=\"elementor-column elementor-col-25 elementor-top-column elementor-element elementor-element-060ac24\" data-id=\"060ac24\" data-element_type=\"column\" data-settings=\"{&quot;background_background&quot;:&quot;classic&quot;}\">\n\t\t\t<div class=\"elementor-widget-wrap elementor-element-populated\">\n\t\t\t\t\t\t<div class=\"elementor-element elementor-element-39ccacb elementor-widget elementor-widget-text-editor\" data-id=\"39ccacb\" data-element_type=\"widget\" data-widget_type=\"text-editor.default\">\n\t\t\t\t<div class=\"elementor-widget-container\">\n\t\t\t\t\t\t\t\t\t<span style=\"color: #000000;\"><strong><a style=\"color: #000000;\" href=\"https:\/\/acaoeducativa.org.br\/editoriais\/lancamento-da-campanha-a-democracia-que-queremos-traz-reflexoes-sobre-a-construcao-de-um-novo-sistema-politico\/\" target=\"_blank\" rel=\"noopener\">[A\u00e7\u00e3o Educativa] &#8211; Lan\u00e7amento da campanha \u2018A Democracia que Queremos\u2019 traz reflex\u00f5es sobre a constru\u00e7\u00e3o de um novo sistema pol\u00edtico 22\/09\/2022<\/a><\/strong><\/span>\t\t\t\t\t\t\t\t<\/div>\n\t\t\t\t<\/div>\n\t\t\t\t\t<\/div>\n\t\t<\/div>\n\t\t\t\t\t<\/div>\n\t\t<\/section>\n\t\t\t\t<section class=\"elementor-section elementor-top-section elementor-element elementor-element-5471df7 elementor-section-boxed elementor-section-height-default elementor-section-height-default qodef-elementor-content-no qodef-elementor-background-lines-no\" data-id=\"5471df7\" data-element_type=\"section\">\n\t\t\t\t\t\t<div class=\"elementor-container elementor-column-gap-default\">\n\t\t\t\t\t<div class=\"elementor-column elementor-col-25 elementor-top-column elementor-element elementor-element-9d1ad98\" data-id=\"9d1ad98\" data-element_type=\"column\" data-settings=\"{&quot;background_background&quot;:&quot;classic&quot;}\">\n\t\t\t<div class=\"elementor-widget-wrap elementor-element-populated\">\n\t\t\t\t\t\t<div class=\"elementor-element elementor-element-57891f3 elementor-widget elementor-widget-text-editor\" data-id=\"57891f3\" data-element_type=\"widget\" data-widget_type=\"text-editor.default\">\n\t\t\t\t<div class=\"elementor-widget-container\">\n\t\t\t\t\t\t\t\t\t<p><span style=\"color: #000000;\"><strong><a style=\"color: #000000;\" href=\"https:\/\/www.central3.com.br\/lado-b-noticias127-fake-news-e-eleicao\/\" target=\"_blank\" rel=\"noopener\">[Lado B Not\u00edcias#127] \u2013 Fake News e elei\u00e7\u00e3o<\/a><\/strong><\/span><\/p><p><span style=\"color: #000000;\"><strong><a style=\"color: #000000;\" href=\"https:\/\/www.central3.com.br\/lado-b-noticias127-fake-news-e-eleicao\/\" target=\"_blank\" rel=\"noopener\">09\/11\/2022<\/a><\/strong><\/span><\/p>\t\t\t\t\t\t\t\t<\/div>\n\t\t\t\t<\/div>\n\t\t\t\t\t<\/div>\n\t\t<\/div>\n\t\t\t\t<div class=\"elementor-column elementor-col-25 elementor-top-column elementor-element elementor-element-f688cc7\" data-id=\"f688cc7\" data-element_type=\"column\" data-settings=\"{&quot;background_background&quot;:&quot;classic&quot;}\">\n\t\t\t<div class=\"elementor-widget-wrap elementor-element-populated\">\n\t\t\t\t\t\t<div class=\"elementor-element elementor-element-ef17369 elementor-widget elementor-widget-text-editor\" data-id=\"ef17369\" data-element_type=\"widget\" data-widget_type=\"text-editor.default\">\n\t\t\t\t<div class=\"elementor-widget-container\">\n\t\t\t\t\t\t\t\t\t<p><span style=\"color: #000000;\"><strong><a style=\"color: #000000;\" href=\"https:\/\/diplomatique.org.br\/fake-news-jogador-caro-resultado-mais-ainda\/\" target=\"_blank\" rel=\"noopener\">Fake news: jogador caro, resultado mais ainda<\/a><\/strong><\/span><\/p><p><span style=\"color: #000000;\"><strong><a style=\"color: #000000;\" href=\"https:\/\/diplomatique.org.br\/fake-news-jogador-caro-resultado-mais-ainda\/\" target=\"_blank\" rel=\"noopener\">14\/12\/2022<\/a><\/strong><\/span><\/p>\t\t\t\t\t\t\t\t<\/div>\n\t\t\t\t<\/div>\n\t\t\t\t\t<\/div>\n\t\t<\/div>\n\t\t\t\t<div class=\"elementor-column elementor-col-25 elementor-top-column elementor-element elementor-element-03430e3\" data-id=\"03430e3\" data-element_type=\"column\" data-settings=\"{&quot;background_background&quot;:&quot;classic&quot;}\">\n\t\t\t<div class=\"elementor-widget-wrap elementor-element-populated\">\n\t\t\t\t\t\t<div class=\"elementor-element elementor-element-824d42d elementor-widget elementor-widget-text-editor\" data-id=\"824d42d\" data-element_type=\"widget\" data-widget_type=\"text-editor.default\">\n\t\t\t\t<div class=\"elementor-widget-container\">\n\t\t\t\t\t\t\t\t\t<span style=\"color: #000000;\"><strong><a style=\"color: #000000;\" href=\"https:\/\/techpolicy.press\/january-8-and-the-information-crisis-in-brazilian-democracy\/\" target=\"_blank\" rel=\"noopener\">January 8 and the Information Crisis in Brazilian Democracy<\/a><\/strong><\/span>\n\n<span style=\"color: #000000;\"><strong><a style=\"color: #000000;\" href=\"https:\/\/techpolicy.press\/january-8-and-the-information-crisis-in-brazilian-democracy\/\" target=\"_blank\" rel=\"noopener\">18\/01\/2023<\/a><\/strong><\/span>\t\t\t\t\t\t\t\t<\/div>\n\t\t\t\t<\/div>\n\t\t\t\t\t<\/div>\n\t\t<\/div>\n\t\t\t\t<div class=\"elementor-column elementor-col-25 elementor-top-column elementor-element elementor-element-c7d32d2\" data-id=\"c7d32d2\" data-element_type=\"column\" data-settings=\"{&quot;background_background&quot;:&quot;classic&quot;}\">\n\t\t\t<div class=\"elementor-widget-wrap elementor-element-populated\">\n\t\t\t\t\t\t<div class=\"elementor-element elementor-element-ccaa21e elementor-widget elementor-widget-text-editor\" data-id=\"ccaa21e\" data-element_type=\"widget\" data-widget_type=\"text-editor.default\">\n\t\t\t\t<div class=\"elementor-widget-container\">\n\t\t\t\t\t\t\t\t\t<span style=\"color: #000000;\"><strong><a style=\"color: #000000;\" href=\"https:\/\/infoamazonia.org\/2023\/11\/07\/a-desinformacao-travestida-de-paleto-verde-na-amazonia\/\" target=\"_blank\" rel=\"noopener\">Artigo com os primeiros levantamentos da pesquisa at\u00e9 o momento \u201cA desinforma\u00e7\u00e3o vestida de palet\u00f3 \u2018verde\u2019 na Amaz\u00f4nia\u201d<\/a><\/strong><\/span>\n\n<span style=\"color: #000000;\"><strong><a style=\"color: #000000;\" href=\"https:\/\/infoamazonia.org\/2023\/11\/07\/a-desinformacao-travestida-de-paleto-verde-na-amazonia\/\" target=\"_blank\" rel=\"noopener\">11\/2023<\/a><\/strong><\/span>\t\t\t\t\t\t\t\t<\/div>\n\t\t\t\t<\/div>\n\t\t\t\t\t<\/div>\n\t\t<\/div>\n\t\t\t\t\t<\/div>\n\t\t<\/section>\n\t\t\t\t<section class=\"elementor-section elementor-top-section elementor-element elementor-element-52384af elementor-section-full_width qodef-elementor-content-grid elementor-hidden-desktop elementor-hidden-tablet elementor-hidden-mobile elementor-section-height-default elementor-section-height-default qodef-elementor-background-lines-no\" data-id=\"52384af\" data-element_type=\"section\">\n\t\t\t\t\t\t<div class=\"elementor-container elementor-column-gap-no\">\n\t\t\t\t\t<div class=\"elementor-column elementor-col-100 elementor-top-column elementor-element elementor-element-2720dfb\" data-id=\"2720dfb\" data-element_type=\"column\">\n\t\t\t<div class=\"elementor-widget-wrap elementor-element-populated\">\n\t\t\t\t\t\t<div class=\"elementor-element elementor-element-8e23bf8 elementor-widget elementor-widget-dogood_core_section_title\" data-id=\"8e23bf8\" data-element_type=\"widget\" data-widget_type=\"dogood_core_section_title.default\">\n\t\t\t\t<div class=\"elementor-widget-container\">\n\t\t\t\t\t<div class=\"qodef-shortcode qodef-m  qodef-section-title qodef-alignment--left \">\n\t\t<h1 class=\"qodef-m-title\" style=\"color: #67BC16\">\n\t\t\t\t\tNosso contato\t\t\t<\/h1>\n\t<\/div>\n\t\t\t\t<\/div>\n\t\t\t\t<\/div>\n\t\t\t\t\t<\/div>\n\t\t<\/div>\n\t\t\t\t\t<\/div>\n\t\t<\/section>\n\t\t\t\t<section class=\"elementor-section elementor-top-section elementor-element elementor-element-42139f4 elementor-section-full_width qodef-elementor-content-grid elementor-hidden-desktop elementor-hidden-tablet elementor-hidden-mobile elementor-section-height-default elementor-section-height-default qodef-elementor-background-lines-no\" data-id=\"42139f4\" data-element_type=\"section\">\n\t\t\t\t\t\t<div class=\"elementor-container elementor-column-gap-no\">\n\t\t\t\t\t<div class=\"elementor-column elementor-col-50 elementor-top-column elementor-element elementor-element-3b7b73e\" data-id=\"3b7b73e\" data-element_type=\"column\">\n\t\t\t<div class=\"elementor-widget-wrap elementor-element-populated\">\n\t\t\t\t\t\t<div class=\"elementor-element elementor-element-690c89d elementor-widget elementor-widget-text-editor\" data-id=\"690c89d\" data-element_type=\"widget\" data-widget_type=\"text-editor.default\">\n\t\t\t\t<div class=\"elementor-widget-container\">\n\t\t\t\t\t\t\t\t\t<h6>Preencha nosso formul\u00e1rio para realizar denuncias, criticas ou sugest\u00f5es ao projeto<\/h6>\t\t\t\t\t\t\t\t<\/div>\n\t\t\t\t<\/div>\n\t\t\t\t\t<\/div>\n\t\t<\/div>\n\t\t\t\t<div class=\"elementor-column elementor-col-50 elementor-top-column elementor-element elementor-element-79269a0\" data-id=\"79269a0\" data-element_type=\"column\">\n\t\t\t<div class=\"elementor-widget-wrap elementor-element-populated\">\n\t\t\t\t\t\t<div class=\"elementor-element elementor-element-020d8b4 elementor-widget elementor-widget-wp-widget-dogood_core_contact_form_7\" data-id=\"020d8b4\" data-element_type=\"widget\" data-widget_type=\"wp-widget-dogood_core_contact_form_7.default\">\n\t\t\t\t<div class=\"elementor-widget-container\">\n\t\t\t\t\t\t\t\t<div class=\"qodef-contact-form-7\">\n\t\t\t\t\n<div class=\"wpcf7 no-js\" id=\"wpcf7-f7528-o1\" lang=\"en-US\" dir=\"ltr\">\n<div class=\"screen-reader-response\"><p role=\"status\" aria-live=\"polite\" aria-atomic=\"true\"><\/p> <ul><\/ul><\/div>\n<form action=\"\/index.php\/wp-json\/wp\/v2\/pages\/7991#wpcf7-f7528-o1\" method=\"post\" class=\"wpcf7-form init\" aria-label=\"Contact form\" novalidate=\"novalidate\" data-status=\"init\">\n<div style=\"display: none;\">\n<input type=\"hidden\" name=\"_wpcf7\" value=\"7528\" \/>\n<input type=\"hidden\" name=\"_wpcf7_version\" value=\"5.9.8\" \/>\n<input type=\"hidden\" name=\"_wpcf7_locale\" value=\"en_US\" \/>\n<input type=\"hidden\" name=\"_wpcf7_unit_tag\" value=\"wpcf7-f7528-o1\" \/>\n<input type=\"hidden\" name=\"_wpcf7_container_post\" value=\"0\" \/>\n<input type=\"hidden\" name=\"_wpcf7_posted_data_hash\" value=\"\" \/>\n<\/div>\n<span class=\"wpcf7-form-control-wrap\" data-name=\"your-name\"><input size=\"40\" maxlength=\"400\" class=\"wpcf7-form-control wpcf7-text wpcf7-validates-as-required\" aria-required=\"true\" aria-invalid=\"false\" placeholder=\"Nome\" value=\"\" type=\"text\" name=\"your-name\" \/><\/span>\n<span class=\"wpcf7-form-control-wrap\" data-name=\"your-email\"><input size=\"40\" maxlength=\"400\" class=\"wpcf7-form-control wpcf7-email wpcf7-validates-as-required wpcf7-text wpcf7-validates-as-email\" aria-required=\"true\" aria-invalid=\"false\" placeholder=\"E-mail\" value=\"\" type=\"email\" name=\"your-email\" \/><\/span>\n<span class=\"wpcf7-form-control-wrap\" data-name=\"your-message\"><textarea cols=\"40\" rows=\"4\" maxlength=\"2000\" class=\"wpcf7-form-control wpcf7-textarea\" aria-invalid=\"false\" placeholder=\"Mensagem\" name=\"your-message\"><\/textarea><\/span>\n<button class=\"wpcf7-form-control wpcf7-submit qodef-button qodef-size--normal qodef-layout--textual qodef-m\" type=\"submit\"><span class=\"qodef-m-text\">Enviar<\/span><\/button><div class=\"wpcf7-response-output\" aria-hidden=\"true\"><\/div>\n<\/form>\n<\/div>\n\t\t\t<\/div>\n\t\t\t\t\t\t\t<\/div>\n\t\t\t\t<\/div>\n\t\t\t\t\t<\/div>\n\t\t<\/div>\n\t\t\t\t\t<\/div>\n\t\t<\/section>\n\t\t\t\t<\/div>\n\t\t","protected":false},"excerpt":{"rendered":"<p>clipping Cita\u00e7\u00e3o da pesquisa do Projeto no Relat\u00f3rio \u201cAmaz\u00f4nia: jornalismo em Chamas\u201d da Rep\u00f3rteres sem Fronteiras (RSF) 09\/2023Entrevista Desafios na Amaz\u00f4nia: os impactos da desinforma\u00e7\u00e3o e dos desertos de not\u00edcia 18\/09\/2023Mat\u00e9ria Relat\u00f3rio mostra quem s\u00e3o os propagadores de not\u00edcias falsas em Mato Grosso 20\/08\/2023Mat\u00e9ria Programa de P\u00f3s-gradua\u00e7\u00e3o em Comunica\u00e7\u00e3o da UFMT lan\u00e7a relat\u00f3rio sobre desinforma\u00e7\u00e3o [&hellip;]<\/p>\n","protected":false},"author":1,"featured_media":0,"parent":0,"menu_order":0,"comment_status":"closed","ping_status":"closed","template":"page-full-width.php","meta":{"om_disable_all_campaigns":false,"_monsterinsights_skip_tracking":false,"_monsterinsights_sitenote_active":false,"_monsterinsights_sitenote_note":"","_monsterinsights_sitenote_category":0,"footnotes":""},"aioseo_notices":[],"_links":{"self":[{"href":"https:\/\/amazonialivredefake.intervozes.org.br\/index.php\/wp-json\/wp\/v2\/pages\/7991"}],"collection":[{"href":"https:\/\/amazonialivredefake.intervozes.org.br\/index.php\/wp-json\/wp\/v2\/pages"}],"about":[{"href":"https:\/\/amazonialivredefake.intervozes.org.br\/index.php\/wp-json\/wp\/v2\/types\/page"}],"author":[{"embeddable":true,"href":"https:\/\/amazonialivredefake.intervozes.org.br\/index.php\/wp-json\/wp\/v2\/users\/1"}],"replies":[{"embeddable":true,"href":"https:\/\/amazonialivredefake.intervozes.org.br\/index.php\/wp-json\/wp\/v2\/comments?post=7991"}],"version-history":[{"count":82,"href":"https:\/\/amazonialivredefake.intervozes.org.br\/index.php\/wp-json\/wp\/v2\/pages\/7991\/revisions"}],"predecessor-version":[{"id":8213,"href":"https:\/\/amazonialivredefake.intervozes.org.br\/index.php\/wp-json\/wp\/v2\/pages\/7991\/revisions\/8213"}],"wp:attachment":[{"href":"https:\/\/amazonialivredefake.intervozes.org.br\/index.php\/wp-json\/wp\/v2\/media?parent=7991"}],"curies":[{"name":"wp","href":"https:\/\/api.w.org\/{rel}","templated":true}]}}